{"id":2406,"date":"2020-08-03T11:04:41","date_gmt":"2020-08-03T09:04:41","guid":{"rendered":"https:\/\/www.bbz-merzig.de\/wordpress-1\/?page_id=2406"},"modified":"2021-06-03T16:26:54","modified_gmt":"2021-06-03T14:26:54","slug":"jean-francois-boch","status":"publish","type":"page","link":"https:\/\/www.bbz-merzig.de\/wordpress-1\/schule\/jean-francois-boch\/","title":{"rendered":"Jean Fran\u00e7ois Boch"},"content":{"rendered":"\t\t<div data-elementor-type=\"wp-page\" data-elementor-id=\"2406\" class=\"elementor elementor-2406\">\n\t\t\t\t\t\t<div class=\"elementor-inner\">\n\t\t\t\t<div class=\"elementor-section-wrap\">\n\t\t\t\t\t\t\t\t\t<section class=\"elementor-section elementor-top-section elementor-element elementor-element-c10b8cc elementor-section-boxed elementor-section-height-default elementor-section-height-default\" data-id=\"c10b8cc\" data-element_type=\"section\">\n\t\t\t\t\t\t<div class=\"elementor-container elementor-column-gap-default\">\n\t\t\t\t\t\t\t<div class=\"elementor-row\">\n\t\t\t\t\t<div class=\"elementor-column elementor-col-100 elementor-top-column elementor-element elementor-element-2cbdb6f\" data-id=\"2cbdb6f\" data-element_type=\"column\">\n\t\t\t<div class=\"elementor-column-wrap elementor-element-populated\">\n\t\t\t\t\t\t\t<div class=\"elementor-widget-wrap\">\n\t\t\t\t\t\t<div class=\"elementor-element elementor-element-10ac903 elementor-widget elementor-widget-heading\" data-id=\"10ac903\" data-element_type=\"widget\" data-widget_type=\"heading.default\">\n\t\t\t\t<div class=\"elementor-widget-container\">\n\t\t\t<h2 class=\"elementor-heading-title elementor-size-default\">Jean Fran\u00e7ois Boch<\/h2>\t\t<\/div>\n\t\t\t\t<\/div>\n\t\t\t\t\t\t<\/div>\n\t\t\t\t\t<\/div>\n\t\t<\/div>\n\t\t\t\t\t\t\t\t<\/div>\n\t\t\t\t\t<\/div>\n\t\t<\/section>\n\t\t\t\t<section class=\"elementor-section elementor-top-section elementor-element elementor-element-692e56a elementor-section-boxed elementor-section-height-default elementor-section-height-default\" data-id=\"692e56a\" data-element_type=\"section\">\n\t\t\t\t\t\t<div class=\"elementor-container elementor-column-gap-default\">\n\t\t\t\t\t\t\t<div class=\"elementor-row\">\n\t\t\t\t\t<div class=\"elementor-column elementor-col-100 elementor-top-column elementor-element elementor-element-7ac8186\" data-id=\"7ac8186\" data-element_type=\"column\">\n\t\t\t<div class=\"elementor-column-wrap elementor-element-populated\">\n\t\t\t\t\t\t\t<div class=\"elementor-widget-wrap\">\n\t\t\t\t\t\t<div class=\"elementor-element elementor-element-61752fb elementor-widget elementor-widget-text-editor\" data-id=\"61752fb\" data-element_type=\"widget\" data-widget_type=\"text-editor.default\">\n\t\t\t\t<div class=\"elementor-widget-container\">\n\t\t\t\t\t\t\t\t<div class=\"elementor-text-editor elementor-clearfix\">\n\t\t\t\t<p>Von jeher orientieren sich vor allem junge Menschen an Vorbildern, die durch ihre Handlungsweisen und ihre Wesensmerkmale \u00fcber ihren Tod hinaus in Erinnerung bleiben. Ziel des Berufsbildungszentrums Merzig war und ist es, seine Sch\u00fclerinnen und Sch\u00fcler ganzheitlich auf ihr Leben vorzubereiten und zu m\u00fcndigen B\u00fcrgern heranreifen zu lassen. Um diesem Anspruch auch in der Namensgebung Ausdruck zu verleihen, hat die Schulkonferenz beschlossen, den Namen einer Vorbild gebenden Pers\u00f6nlichkeit in die Schulbezeichnung aufzunehmen. In einem aufwendigen demokratischen Verfahren, an dem Sch\u00fclerinnen und Sch\u00fcler ebenso beteiligt waren wie alle Lehrkr\u00e4fte und Mitarbeiter, fiel die Wahl auf den Gr\u00fcnder der Mettlacher Geschirrfabrikation Boch-Buschmann, Jean Fran\u00e7ois Boch. Mit Zustimmung des Bildungsministeriums beschloss der Kreistag des Landkreises Merzig-Wadern am 23. Oktober 2017, die Schule umzubenennen in<\/p>\t\t\t\t\t<\/div>\n\t\t\t\t\t\t<\/div>\n\t\t\t\t<\/div>\n\t\t\t\t\t\t<\/div>\n\t\t\t\t\t<\/div>\n\t\t<\/div>\n\t\t\t\t\t\t\t\t<\/div>\n\t\t\t\t\t<\/div>\n\t\t<\/section>\n\t\t\t\t<section class=\"elementor-section elementor-top-section elementor-element elementor-element-54bade7 elementor-section-boxed elementor-section-height-default elementor-section-height-default\" data-id=\"54bade7\" data-element_type=\"section\">\n\t\t\t\t\t\t<div class=\"elementor-container elementor-column-gap-default\">\n\t\t\t\t\t\t\t<div class=\"elementor-row\">\n\t\t\t\t\t<div class=\"elementor-column elementor-col-100 elementor-top-column elementor-element elementor-element-c0367b5\" data-id=\"c0367b5\" data-element_type=\"column\">\n\t\t\t<div class=\"elementor-column-wrap elementor-element-populated\">\n\t\t\t\t\t\t\t<div class=\"elementor-widget-wrap\">\n\t\t\t\t\t\t<div class=\"elementor-element elementor-element-af4aecc elementor-widget elementor-widget-text-editor\" data-id=\"af4aecc\" data-element_type=\"widget\" data-widget_type=\"text-editor.default\">\n\t\t\t\t<div class=\"elementor-widget-container\">\n\t\t\t\t\t\t\t\t<div class=\"elementor-text-editor elementor-clearfix\">\n\t\t\t\t<p style=\"text-align: center;\"><strong>Jean-Fran\u00e7ois-Boch-Schule \u2013 Berufsbildungszentrum Merzig.<\/strong><\/p>\t\t\t\t\t<\/div>\n\t\t\t\t\t\t<\/div>\n\t\t\t\t<\/div>\n\t\t\t\t\t\t<\/div>\n\t\t\t\t\t<\/div>\n\t\t<\/div>\n\t\t\t\t\t\t\t\t<\/div>\n\t\t\t\t\t<\/div>\n\t\t<\/section>\n\t\t\t\t<section class=\"elementor-section elementor-top-section elementor-element elementor-element-e2d5fdc elementor-section-boxed elementor-section-height-default elementor-section-height-default\" data-id=\"e2d5fdc\" data-element_type=\"section\">\n\t\t\t\t\t\t<div class=\"elementor-container elementor-column-gap-default\">\n\t\t\t\t\t\t\t<div class=\"elementor-row\">\n\t\t\t\t\t<div class=\"elementor-column elementor-col-100 elementor-top-column elementor-element elementor-element-8a15080\" data-id=\"8a15080\" data-element_type=\"column\">\n\t\t\t<div class=\"elementor-column-wrap elementor-element-populated\">\n\t\t\t\t\t\t\t<div class=\"elementor-widget-wrap\">\n\t\t\t\t\t\t<div class=\"elementor-element elementor-element-cae1b6a elementor-widget elementor-widget-text-editor\" data-id=\"cae1b6a\" data-element_type=\"widget\" data-widget_type=\"text-editor.default\">\n\t\t\t\t<div class=\"elementor-widget-container\">\n\t\t\t\t\t\t\t\t<div class=\"elementor-text-editor elementor-clearfix\">\n\t\t\t\t<p>In einer offiziellen Feierstunde am 2. M\u00e4rz 2018, an der Bildungsminister Ulrich Commer\u00e7on und Landr\u00e4tin Daniela Schlegel-Friedrich und Herr Eugen von Boch, der Ur-Ur-Urenkel unseres Namensgebers, teilnahmen, wurde der neue Name der \u00d6ffentlichkeit pr\u00e4sentiert und zugleich das vom Friedensk\u00fcnstler Mike Mathes im Auftrag der Schule gemalte Portrait Bochs enth\u00fcllt.<\/p>\t\t\t\t\t<\/div>\n\t\t\t\t\t\t<\/div>\n\t\t\t\t<\/div>\n\t\t\t\t\t\t<\/div>\n\t\t\t\t\t<\/div>\n\t\t<\/div>\n\t\t\t\t\t\t\t\t<\/div>\n\t\t\t\t\t<\/div>\n\t\t<\/section>\n\t\t\t\t<section class=\"elementor-section elementor-top-section elementor-element elementor-element-fa060a3 elementor-section-boxed elementor-section-height-default elementor-section-height-default\" data-id=\"fa060a3\" data-element_type=\"section\">\n\t\t\t\t\t\t<div class=\"elementor-container elementor-column-gap-default\">\n\t\t\t\t\t\t\t<div class=\"elementor-row\">\n\t\t\t\t\t<div class=\"elementor-column elementor-col-100 elementor-top-column elementor-element elementor-element-059f703\" data-id=\"059f703\" data-element_type=\"column\">\n\t\t\t<div class=\"elementor-column-wrap elementor-element-populated\">\n\t\t\t\t\t\t\t<div class=\"elementor-widget-wrap\">\n\t\t\t\t\t\t<div class=\"elementor-element elementor-element-3000b85 elementor-widget elementor-widget-image\" data-id=\"3000b85\" data-element_type=\"widget\" data-widget_type=\"image.default\">\n\t\t\t\t<div class=\"elementor-widget-container\">\n\t\t\t\t\t\t\t\t<div class=\"elementor-image\">\n\t\t\t\t\t\t\t\t\t\t\t\t\t<a href=\"https:\/\/www.bbz-merzig.de\/wordpress-1\/wp-content\/uploads\/Boch-2-1200.jpg\" data-elementor-open-lightbox=\"yes\" data-elementor-lightbox-title=\"Boch-2-1200\" e-action-hash=\"#elementor-action%3Aaction%3Dlightbox%26settings%3DeyJpZCI6MzUzNiwidXJsIjoiaHR0cHM6XC9cL3d3dy5iYnotbWVyemlnLmRlXC93b3JkcHJlc3MtMVwvd3AtY29udGVudFwvdXBsb2Fkc1wvQm9jaC0yLTEyMDAuanBnIn0%3D\">\n\t\t\t\t\t\t\t<img decoding=\"async\" width=\"215\" height=\"300\" src=\"https:\/\/www.bbz-merzig.de\/wordpress-1\/wp-content\/uploads\/Boch-2-1200-215x300.jpg\" class=\"attachment-medium size-medium\" alt=\"\" loading=\"lazy\" srcset=\"https:\/\/www.bbz-merzig.de\/wordpress-1\/wp-content\/uploads\/Boch-2-1200-215x300.jpg 215w, https:\/\/www.bbz-merzig.de\/wordpress-1\/wp-content\/uploads\/Boch-2-1200-732x1024.jpg 732w, https:\/\/www.bbz-merzig.de\/wordpress-1\/wp-content\/uploads\/Boch-2-1200-768x1074.jpg 768w, https:\/\/www.bbz-merzig.de\/wordpress-1\/wp-content\/uploads\/Boch-2-1200.jpg 858w\" sizes=\"(max-width: 215px) 100vw, 215px\" \/>\t\t\t\t\t\t\t\t<\/a>\n\t\t\t\t\t\t\t\t\t\t\t\t\t\t<\/div>\n\t\t\t\t\t\t<\/div>\n\t\t\t\t<\/div>\n\t\t\t\t\t\t<\/div>\n\t\t\t\t\t<\/div>\n\t\t<\/div>\n\t\t\t\t\t\t\t\t<\/div>\n\t\t\t\t\t<\/div>\n\t\t<\/section>\n\t\t\t\t<section class=\"elementor-section elementor-top-section elementor-element elementor-element-568a3ac elementor-section-boxed elementor-section-height-default elementor-section-height-default\" data-id=\"568a3ac\" data-element_type=\"section\">\n\t\t\t\t\t\t<div class=\"elementor-container elementor-column-gap-default\">\n\t\t\t\t\t\t\t<div class=\"elementor-row\">\n\t\t\t\t\t<div class=\"elementor-column elementor-col-100 elementor-top-column elementor-element elementor-element-1ae1387\" data-id=\"1ae1387\" data-element_type=\"column\">\n\t\t\t<div class=\"elementor-column-wrap elementor-element-populated\">\n\t\t\t\t\t\t\t<div class=\"elementor-widget-wrap\">\n\t\t\t\t\t\t<div class=\"elementor-element elementor-element-23d29c3 elementor-widget elementor-widget-text-editor\" data-id=\"23d29c3\" data-element_type=\"widget\" data-widget_type=\"text-editor.default\">\n\t\t\t\t<div class=\"elementor-widget-container\">\n\t\t\t\t\t\t\t\t<div class=\"elementor-text-editor elementor-clearfix\">\n\t\t\t\t<p>Einiges \u00fcber die Person Jean Fran\u00e7ois Boch findet sich in der Kurzbiographie unten. F\u00fcr uns als berufsbildende Schule steht er f\u00fcr die Verkn\u00fcpfung von forschendem Erfindergeist, unternehmerischem Handeln und sozialer Verpflichtung. Seine Vita dr\u00fcckt auch ein Grundprinzip beruflicher Bildung aus: das lebenslange Lernen. All diese Wesensz\u00fcge werden unseren Sch\u00fclerinnen und Sch\u00fclern heute und in zuk\u00fcnftigen Generationen Orientierung geben und Antrieb sein.<\/p>\t\t\t\t\t<\/div>\n\t\t\t\t\t\t<\/div>\n\t\t\t\t<\/div>\n\t\t\t\t\t\t<\/div>\n\t\t\t\t\t<\/div>\n\t\t<\/div>\n\t\t\t\t\t\t\t\t<\/div>\n\t\t\t\t\t<\/div>\n\t\t<\/section>\n\t\t\t\t<section class=\"elementor-section elementor-top-section elementor-element elementor-element-80657c3 elementor-section-boxed elementor-section-height-default elementor-section-height-default\" data-id=\"80657c3\" data-element_type=\"section\">\n\t\t\t\t\t\t<div class=\"elementor-container elementor-column-gap-default\">\n\t\t\t\t\t\t\t<div class=\"elementor-row\">\n\t\t\t\t\t<div class=\"elementor-column elementor-col-100 elementor-top-column elementor-element elementor-element-a1f2597\" data-id=\"a1f2597\" data-element_type=\"column\">\n\t\t\t<div class=\"elementor-column-wrap elementor-element-populated\">\n\t\t\t\t\t\t\t<div class=\"elementor-widget-wrap\">\n\t\t\t\t\t\t<div class=\"elementor-element elementor-element-406491b elementor-widget elementor-widget-text-editor\" data-id=\"406491b\" data-element_type=\"widget\" data-widget_type=\"text-editor.default\">\n\t\t\t\t<div class=\"elementor-widget-container\">\n\t\t\t\t\t\t\t\t<div class=\"elementor-text-editor elementor-clearfix\">\n\t\t\t\t<p><strong>Jean Fran\u00e7ois Boch,<\/strong><\/p><p>geb. zu Siebenbrunnen (Sept-Fontaines) bei Luxemburg 9. M\u00e4rz 1782, \u2020 9. Febr. 1858.<\/p><p>1809 verlie\u00df der Sohn eines luxemburgischen Fabrikbesitzers das v\u00e4terliche Haus, um sich selbst\u00e4ndig niederzulassen. Zu dem Zwecke kaufte er das als Dom\u00e4ne von der franz\u00f6sischen Republik ver\u00e4u\u00dferte Klostergeb\u00e4ude in Mettlach an der Saar und gr\u00fcndete dort eine Steingutfabrik, die er unter der Firma Boch-Buschmann betrieb. Er ist der erste Steingutfabrikant des Kontinents, der zum Brennen seiner Waren Steinkohlen anwandte.<\/p><p>Die kleine Fabrikanlage entwickelte sich indessen ziemlich rasch und Boch erhielt bereits im Jahr 1822 in Berlin die einzige goldene Denkm\u00fcnze, die f\u00fcr Steingut in der ersten preu\u00dfischen Ausstellung erteilt wurde. Damals machte er die Bekanntschaft des um die deutsche Industrie hochverdienten Geheimrates Beuth, begleitete denselben auf einer Reise, die dieser um Auftrage seiner Regierung nach England machte, und hatte durch dessen Vermittlung Gelegenheit, die Fabrikation von Steingut in England kennen zu lernen. Schon vorher hatte er Wasserkraft angewandt, um die Drehscheiben der Arbeiter in Bewegung zu setzen, fand aber in England bessere Einrichtungen der Art, die er in seinen Werkst\u00e4tten \u2013 wiederum hierin der erste auf dem Kontinent \u2013 einf\u00fchrte.<\/p><p>Die vom Vater ererbte wohlwollende Gesinnung f\u00fcr die Arbeiter veranlasste ihn 1819, Kranken-, Witwen- und Waisenunterst\u00fctzungskassen f\u00fcr seine Arbeiter einzurichten, denen er bald eine Spar- und Darlehnskasse anschloss; auch wirkte er so viel als m\u00f6glich durch Einrichtung eines Arbeiter-Casinos und durch Gr\u00fcndung eines Lesevereins auf die geistige und moralische Entwicklung seiner Arbeiter, so dass die Arbeiter von Mett-lach lange Zeit als eine Musterbev\u00f6lkerung dastanden.<\/p><p>Im Jahr 1836 assoziierte sich B. mit dem Steingutfabrikanten Nicolas Villeroy in Wallerfangen bei Saarlouis, unter der Firma Villeroy und Boch. Nachdem Bochs S\u00f6hne herangewachsen waren und ihn in der Leitung der Gesch\u00e4fte ersetzen konnten, zog er sich im Jahr 1844 in die elterliche Fabrik nach Siebenbrunnen zur\u00fcck und setzte dort in kleinerem Ma\u00dfstabe seine industrielle T\u00e4tigkeit bis zu seinem Tode fort. Er schuf hier gegen Ende seines Lebens einen ganz neuen, sehr interessanten Industriezweig, den der Bodenbelegplatten, die er Mosaikplatten nannte, weil die Idee dazu ihm durch die alten r\u00f6mischen Mosaikb\u00f6den gegeben wurde. Bald wegen ihrer Dauerhaftigkeit und Eleganz beliebt, werden sie jetzt schon millionenweise in die ganze Welt versendet. Boch hat durch die Schaffung dieses \u00fcber Deutschland und Frankreich sich verbreitenden Industriezweiges seiner T\u00e4tigkeit noch in alten Tagen die Krone aufgesetzt.<\/p><p>(frei zitiert aus: Allgemeine Deutsche Biographie, herausgegeben von der Historischen Kommission bei der Bayerischen Akademie der Wissenschaften, Band 2 (1875), S. 760\u2013761)<\/p>\t\t\t\t\t<\/div>\n\t\t\t\t\t\t<\/div>\n\t\t\t\t<\/div>\n\t\t\t\t\t\t<\/div>\n\t\t\t\t\t<\/div>\n\t\t<\/div>\n\t\t\t\t\t\t\t\t<\/div>\n\t\t\t\t\t<\/div>\n\t\t<\/section>\n\t\t\t\t\t\t\t\t\t<\/div>\n\t\t\t<\/div>\n\t\t\t\t\t<\/div>\n\t\t","protected":false},"excerpt":{"rendered":"<p>Jean Fran\u00e7ois Boch Von jeher orientieren sich vor allem junge Menschen an Vorbildern, die durch ihre Handlungsweisen und ihre Wesensmerkmale \u00fcber ihren Tod hinaus in Erinnerung bleiben. Ziel des Berufsbildungszentrums Merzig war und ist es, seine Sch\u00fclerinnen und Sch\u00fcler ganzheitlich auf ihr Leben vorzubereiten und zu m\u00fcndigen B\u00fcrgern heranreifen zu lassen. Um diesem Anspruch auch&hellip;&nbsp;<a href=\"https:\/\/www.bbz-merzig.de\/wordpress-1\/schule\/jean-francois-boch\/\" class=\"\" rel=\"bookmark\">Weiterlesen &raquo;<span class=\"screen-reader-text\">Jean Fran\u00e7ois Boch<\/span><\/a><\/p>\n","protected":false},"author":1,"featured_media":0,"parent":2412,"menu_order":9,"comment_status":"closed","ping_status":"closed","template":"","meta":{"neve_meta_sidebar":"left","neve_meta_container":"","neve_meta_enable_content_width":"on","neve_meta_content_width":70,"neve_meta_title_alignment":"","neve_meta_author_avatar":"","neve_post_elements_order":"","neve_meta_disable_header":"","neve_meta_disable_footer":"","neve_meta_disable_title":"on"},"_links":{"self":[{"href":"https:\/\/www.bbz-merzig.de\/wordpress-1\/wp-json\/wp\/v2\/pages\/2406"}],"collection":[{"href":"https:\/\/www.bbz-merzig.de\/wordpress-1\/wp-json\/wp\/v2\/pages"}],"about":[{"href":"https:\/\/www.bbz-merzig.de\/wordpress-1\/wp-json\/wp\/v2\/types\/page"}],"author":[{"embeddable":true,"href":"https:\/\/www.bbz-merzig.de\/wordpress-1\/wp-json\/wp\/v2\/users\/1"}],"replies":[{"embeddable":true,"href":"https:\/\/www.bbz-merzig.de\/wordpress-1\/wp-json\/wp\/v2\/comments?post=2406"}],"version-history":[{"count":12,"href":"https:\/\/www.bbz-merzig.de\/wordpress-1\/wp-json\/wp\/v2\/pages\/2406\/revisions"}],"predecessor-version":[{"id":6925,"href":"https:\/\/www.bbz-merzig.de\/wordpress-1\/wp-json\/wp\/v2\/pages\/2406\/revisions\/6925"}],"up":[{"embeddable":true,"href":"https:\/\/www.bbz-merzig.de\/wordpress-1\/wp-json\/wp\/v2\/pages\/2412"}],"wp:attachment":[{"href":"https:\/\/www.bbz-merzig.de\/wordpress-1\/wp-json\/wp\/v2\/media?parent=2406"}],"curies":[{"name":"wp","href":"https:\/\/api.w.org\/{rel}","templated":true}]}}