{"id":2663,"date":"2020-08-06T09:01:38","date_gmt":"2020-08-06T07:01:38","guid":{"rendered":"https:\/\/www.bbz-merzig.de\/wordpress-1\/?page_id=2663"},"modified":"2026-01-16T08:43:02","modified_gmt":"2026-01-16T07:43:02","slug":"fachbereich-gesundheit-und-soziales","status":"publish","type":"page","link":"https:\/\/www.bbz-merzig.de\/wordpress-1\/bildungsangebote\/fachbereich-gesundheit-und-soziales\/","title":{"rendered":"Fachbereich Gesundheit und Soziales"},"content":{"rendered":"\t\t<div data-elementor-type=\"wp-page\" data-elementor-id=\"2663\" class=\"elementor elementor-2663\">\n\t\t\t\t\t\t<div class=\"elementor-inner\">\n\t\t\t\t<div class=\"elementor-section-wrap\">\n\t\t\t\t\t\t\t\t\t<section class=\"elementor-section elementor-top-section elementor-element elementor-element-cedc301 elementor-section-boxed elementor-section-height-default elementor-section-height-default\" data-id=\"cedc301\" data-element_type=\"section\">\n\t\t\t\t\t\t<div class=\"elementor-container elementor-column-gap-default\">\n\t\t\t\t\t\t\t<div class=\"elementor-row\">\n\t\t\t\t\t<div class=\"elementor-column elementor-col-100 elementor-top-column elementor-element elementor-element-70d94df\" data-id=\"70d94df\" data-element_type=\"column\">\n\t\t\t<div class=\"elementor-column-wrap elementor-element-populated\">\n\t\t\t\t\t\t\t<div class=\"elementor-widget-wrap\">\n\t\t\t\t\t\t<section class=\"elementor-section elementor-inner-section elementor-element elementor-element-9737aba elementor-section-boxed elementor-section-height-default elementor-section-height-default\" data-id=\"9737aba\" data-element_type=\"section\">\n\t\t\t\t\t\t<div class=\"elementor-container elementor-column-gap-default\">\n\t\t\t\t\t\t\t<div class=\"elementor-row\">\n\t\t\t\t\t<div class=\"elementor-column elementor-col-50 elementor-inner-column elementor-element elementor-element-29d865b\" data-id=\"29d865b\" data-element_type=\"column\">\n\t\t\t<div class=\"elementor-column-wrap elementor-element-populated\">\n\t\t\t\t\t\t\t<div class=\"elementor-widget-wrap\">\n\t\t\t\t\t\t<div class=\"elementor-element elementor-element-d1a44fe elementor-widget elementor-widget-heading\" data-id=\"d1a44fe\" data-element_type=\"widget\" data-widget_type=\"heading.default\">\n\t\t\t\t<div class=\"elementor-widget-container\">\n\t\t\t<h1 class=\"elementor-heading-title elementor-size-default\">Fachbereich Gesundheit und Soziales<\/h1>\t\t<\/div>\n\t\t\t\t<\/div>\n\t\t\t\t<div class=\"elementor-element elementor-element-a78364e elementor-widget elementor-widget-text-editor\" data-id=\"a78364e\" data-element_type=\"widget\" data-widget_type=\"text-editor.default\">\n\t\t\t\t<div class=\"elementor-widget-container\">\n\t\t\t\t\t\t\t\t<div class=\"elementor-text-editor elementor-clearfix\">\n\t\t\t\t<p>Berufliche Bildung ist an der Jean-Fran\u03c2ois-Boch Schule in Merzig im Fachbereich Gesundheit und Soziales in folgenden Schulformen, m\u00f6glich:<\/p>\t\t\t\t\t<\/div>\n\t\t\t\t\t\t<\/div>\n\t\t\t\t<\/div>\n\t\t\t\t<div class=\"elementor-element elementor-element-9fe339e elementor-widget elementor-widget-text-editor\" data-id=\"9fe339e\" data-element_type=\"widget\" data-widget_type=\"text-editor.default\">\n\t\t\t\t<div class=\"elementor-widget-container\">\n\t\t\t\t\t\t\t\t<div class=\"elementor-text-editor elementor-clearfix\">\n\t\t\t\t<ul><li><a href=\"#AV\">Ausbildungsvorbereitung<\/a><\/li><li><a href=\"#BFS\">Berufsfachschule Gesundheit und Soziales<\/a><\/li><li><a href=\"#HAB\">Berufsfachschule f\u00fcr Haushaltsf\u00fchrung und ambulante Betreuung<\/a><\/li><li><a href=\"#HAB1\">Berufsfachschule f\u00fcr Haushaltsf\u00fchrung und ambulante Betreuung (migrationsorientierte Ausbildung)<\/a><\/li><li><a href=\"#BS\">Berufsschule Gesundheit und Soziales\u200b<\/a><\/li><li><a href=\"#EAV\">Akademie f\u00fcr Erzieherinnen und Erzieher\/ Fachschule f\u00fcr Sozialp\u00e4dagogik &#8211; Berufliche Vorbereitungsma\u00df-nahme (Vorkurs)Erzieher Akademie &#8211; Vorkurs<\/a><\/li><li><a href=\"#EA\">Akademie f\u00fcr Erzieherinnen und Erzieher\/Fachschule f\u00fcr Sozialp\u00e4dagogik\u200b<\/a><\/li><li><a href=\"#FOS\">Fachoberschule Gesundheit und Soziales<\/a><\/li><li><a href=\"#BFSKI\">Berufsfachschule f\u00fcr Kinderpflege (KI)\u200b<\/a><\/li><\/ul>\t\t\t\t\t<\/div>\n\t\t\t\t\t\t<\/div>\n\t\t\t\t<\/div>\n\t\t\t\t\t\t<\/div>\n\t\t\t\t\t<\/div>\n\t\t<\/div>\n\t\t\t\t<div class=\"elementor-column elementor-col-50 elementor-inner-column elementor-element elementor-element-eb88db8\" data-id=\"eb88db8\" data-element_type=\"column\">\n\t\t\t<div class=\"elementor-column-wrap elementor-element-populated\">\n\t\t\t\t\t\t\t<div class=\"elementor-widget-wrap\">\n\t\t\t\t\t\t<div class=\"elementor-element elementor-element-954b2b8 elementor-widget elementor-widget-image\" data-id=\"954b2b8\" data-element_type=\"widget\" data-widget_type=\"image.default\">\n\t\t\t\t<div class=\"elementor-widget-container\">\n\t\t\t\t\t\t\t\t<div class=\"elementor-image\">\n\t\t\t\t\t\t\t\t\t\t\t\t\t<a href=\"https:\/\/www.bbz-merzig.de\/wordpress-1\/wp-content\/uploads\/Kompetenz-1-1200.jpg\" data-elementor-open-lightbox=\"yes\" data-elementor-lightbox-title=\"Kompetenz-1-1200\" e-action-hash=\"#elementor-action%3Aaction%3Dlightbox%26settings%3DeyJpZCI6MjY3MywidXJsIjoiaHR0cHM6XC9cL3d3dy5iYnotbWVyemlnLmRlXC93b3JkcHJlc3MtMVwvd3AtY29udGVudFwvdXBsb2Fkc1wvS29tcGV0ZW56LTEtMTIwMC5qcGcifQ%3D%3D\">\n\t\t\t\t\t\t\t<img decoding=\"async\" width=\"300\" height=\"199\" src=\"https:\/\/www.bbz-merzig.de\/wordpress-1\/wp-content\/uploads\/Kompetenz-1-1200-300x199.jpg\" class=\"attachment-medium size-medium\" alt=\"\" loading=\"lazy\" srcset=\"https:\/\/www.bbz-merzig.de\/wordpress-1\/wp-content\/uploads\/Kompetenz-1-1200-300x199.jpg 300w, https:\/\/www.bbz-merzig.de\/wordpress-1\/wp-content\/uploads\/Kompetenz-1-1200-1024x678.jpg 1024w, https:\/\/www.bbz-merzig.de\/wordpress-1\/wp-content\/uploads\/Kompetenz-1-1200-768x509.jpg 768w, https:\/\/www.bbz-merzig.de\/wordpress-1\/wp-content\/uploads\/Kompetenz-1-1200-930x620.jpg 930w, https:\/\/www.bbz-merzig.de\/wordpress-1\/wp-content\/uploads\/Kompetenz-1-1200.jpg 1200w\" sizes=\"(max-width: 300px) 100vw, 300px\" \/>\t\t\t\t\t\t\t\t<\/a>\n\t\t\t\t\t\t\t\t\t\t\t\t\t\t<\/div>\n\t\t\t\t\t\t<\/div>\n\t\t\t\t<\/div>\n\t\t\t\t\t\t<\/div>\n\t\t\t\t\t<\/div>\n\t\t<\/div>\n\t\t\t\t\t\t\t\t<\/div>\n\t\t\t\t\t<\/div>\n\t\t<\/section>\n\t\t\t\t\t\t<\/div>\n\t\t\t\t\t<\/div>\n\t\t<\/div>\n\t\t\t\t\t\t\t\t<\/div>\n\t\t\t\t\t<\/div>\n\t\t<\/section>\n\t\t\t\t<section class=\"elementor-section elementor-top-section elementor-element elementor-element-7cf35a3 elementor-section-boxed elementor-section-height-default elementor-section-height-default\" data-id=\"7cf35a3\" data-element_type=\"section\">\n\t\t\t\t\t\t<div class=\"elementor-container elementor-column-gap-default\">\n\t\t\t\t\t\t\t<div class=\"elementor-row\">\n\t\t\t\t\t<div class=\"elementor-column elementor-col-100 elementor-top-column elementor-element elementor-element-e5c151c\" data-id=\"e5c151c\" data-element_type=\"column\">\n\t\t\t<div class=\"elementor-column-wrap elementor-element-populated\">\n\t\t\t\t\t\t\t<div class=\"elementor-widget-wrap\">\n\t\t\t\t\t\t<div class=\"elementor-element elementor-element-49c319f elementor-widget elementor-widget-spacer\" data-id=\"49c319f\" data-element_type=\"widget\" data-widget_type=\"spacer.default\">\n\t\t\t\t<div class=\"elementor-widget-container\">\n\t\t\t\t\t<div class=\"elementor-spacer\">\n\t\t\t<div class=\"elementor-spacer-inner\"><\/div>\n\t\t<\/div>\n\t\t\t\t<\/div>\n\t\t\t\t<\/div>\n\t\t\t\t\t\t<\/div>\n\t\t\t\t\t<\/div>\n\t\t<\/div>\n\t\t\t\t\t\t\t\t<\/div>\n\t\t\t\t\t<\/div>\n\t\t<\/section>\n\t\t\t\t<section class=\"elementor-section elementor-top-section elementor-element elementor-element-5900d8e elementor-section-boxed elementor-section-height-default elementor-section-height-default\" data-id=\"5900d8e\" data-element_type=\"section\">\n\t\t\t\t\t\t<div class=\"elementor-container elementor-column-gap-default\">\n\t\t\t\t\t\t\t<div class=\"elementor-row\">\n\t\t\t\t\t<div class=\"elementor-column elementor-col-100 elementor-top-column elementor-element elementor-element-54b4a43 elementor-hidden-desktop elementor-hidden-tablet\" data-id=\"54b4a43\" data-element_type=\"column\" data-settings=\"{&quot;background_background&quot;:&quot;classic&quot;}\">\n\t\t\t<div class=\"elementor-column-wrap elementor-element-populated\">\n\t\t\t\t\t\t\t<div class=\"elementor-widget-wrap\">\n\t\t\t\t\t\t<div class=\"elementor-element elementor-element-b77a2af elementor-widget__width-auto elementor-widget elementor-widget-heading\" data-id=\"b77a2af\" data-element_type=\"widget\" data-widget_type=\"heading.default\">\n\t\t\t\t<div class=\"elementor-widget-container\">\n\t\t\t<h2 class=\"elementor-heading-title elementor-size-default\">Ausbildungsvorbereitung<\/h2>\t\t<\/div>\n\t\t\t\t<\/div>\n\t\t\t\t\t\t<\/div>\n\t\t\t\t\t<\/div>\n\t\t<\/div>\n\t\t\t\t\t\t\t\t<\/div>\n\t\t\t\t\t<\/div>\n\t\t<\/section>\n\t\t\t\t<section class=\"elementor-section elementor-top-section elementor-element elementor-element-3dec2e8 elementor-section-boxed elementor-section-height-default elementor-section-height-default\" data-id=\"3dec2e8\" data-element_type=\"section\">\n\t\t\t\t\t\t<div class=\"elementor-container elementor-column-gap-default\">\n\t\t\t\t\t\t\t<div class=\"elementor-row\">\n\t\t\t\t\t<div class=\"elementor-column elementor-col-100 elementor-top-column elementor-element elementor-element-08f0fbb elementor-hidden-desktop elementor-hidden-tablet\" data-id=\"08f0fbb\" data-element_type=\"column\" data-settings=\"{&quot;background_background&quot;:&quot;classic&quot;}\">\n\t\t\t<div class=\"elementor-column-wrap elementor-element-populated\">\n\t\t\t\t\t\t\t<div class=\"elementor-widget-wrap\">\n\t\t\t\t\t\t<div class=\"elementor-element elementor-element-8168c28 elementor-widget elementor-widget-text-editor\" data-id=\"8168c28\" data-element_type=\"widget\" data-widget_type=\"text-editor.default\">\n\t\t\t\t<div class=\"elementor-widget-container\">\n\t\t\t\t\t\t\t\t<div class=\"elementor-text-editor elementor-clearfix\">\n\t\t\t\t<div class=\"et_pb_module et_pb_text et_pb_text_2 et_pb_text_align_left et_pb_bg_layout_light\"><div class=\"et_pb_text_inner\"><div class=\"et_pb_module et_pb_text et_pb_text_2 et_pb_text_align_left et_pb_bg_layout_light\"><div class=\"et_pb_text_inner\"><ul><li>Einj\u00e4hriger Vollzeitunterricht<\/li><li>Ziel: Berechtigung zum Besuch der Berufsfachschule<\/li><\/ul><p><a href=\"http:\/\/boch.schule\/broschueren\/bro-Ausbildungsvorbereitung.pdf\" target=\"_blank\" rel=\"noopener\">Flyer<\/a><\/p><p><a style=\"font-family: var( --e-global-typography-text-font-family ), Roboto; letter-spacing: 0px;\" href=\"https:\/\/www.bbz-merzig.de\/wordpress-1\/anmeldung\/online-anmeldung-2\/\">Online-Anmeldung<\/a><\/p><p><a href=\"https:\/\/www.bbz-merzig.de\/broschueren\/AV-Leitfaden%20zur%20Online-Anmeldung.pdf\">Leitfaden zur Online-Anmeldung<\/a><\/p><p><a style=\"font-family: var( --e-global-typography-text-font-family ), Roboto; letter-spacing: 0px;\" href=\"https:\/\/www.bbz-merzig.de\/\/broschueren\/Praktikumsvertrag%20AV.pdf\">Praktikumsvertrag<\/a><\/p><\/div><\/div><\/div><\/div>\t\t\t\t\t<\/div>\n\t\t\t\t\t\t<\/div>\n\t\t\t\t<\/div>\n\t\t\t\t\t\t<\/div>\n\t\t\t\t\t<\/div>\n\t\t<\/div>\n\t\t\t\t\t\t\t\t<\/div>\n\t\t\t\t\t<\/div>\n\t\t<\/section>\n\t\t\t\t<section class=\"elementor-section elementor-top-section elementor-element elementor-element-4bad105 elementor-hidden-desktop elementor-hidden-tablet elementor-section-boxed elementor-section-height-default elementor-section-height-default\" data-id=\"4bad105\" data-element_type=\"section\">\n\t\t\t\t\t\t<div class=\"elementor-container elementor-column-gap-default\">\n\t\t\t\t\t\t\t<div class=\"elementor-row\">\n\t\t\t\t\t<div class=\"elementor-column elementor-col-100 elementor-top-column elementor-element elementor-element-cdbebb1\" data-id=\"cdbebb1\" data-element_type=\"column\" data-settings=\"{&quot;background_background&quot;:&quot;classic&quot;}\">\n\t\t\t<div class=\"elementor-column-wrap elementor-element-populated\">\n\t\t\t\t\t\t\t<div class=\"elementor-widget-wrap\">\n\t\t\t\t\t\t<div class=\"elementor-element elementor-element-dae1121 elementor-widget__width-auto elementor-widget elementor-widget-heading\" data-id=\"dae1121\" data-element_type=\"widget\" data-widget_type=\"heading.default\">\n\t\t\t\t<div class=\"elementor-widget-container\">\n\t\t\t<h2 class=\"elementor-heading-title elementor-size-default\">Berufsfachschule Gesundheit und Soziales<\/h2>\t\t<\/div>\n\t\t\t\t<\/div>\n\t\t\t\t\t\t<\/div>\n\t\t\t\t\t<\/div>\n\t\t<\/div>\n\t\t\t\t\t\t\t\t<\/div>\n\t\t\t\t\t<\/div>\n\t\t<\/section>\n\t\t\t\t<section class=\"elementor-section elementor-top-section elementor-element elementor-element-17c71e1 elementor-section-boxed elementor-section-height-default elementor-section-height-default\" data-id=\"17c71e1\" data-element_type=\"section\">\n\t\t\t\t\t\t<div class=\"elementor-container elementor-column-gap-default\">\n\t\t\t\t\t\t\t<div class=\"elementor-row\">\n\t\t\t\t\t<div class=\"elementor-column elementor-col-100 elementor-top-column elementor-element elementor-element-13122af elementor-hidden-desktop elementor-hidden-tablet\" data-id=\"13122af\" data-element_type=\"column\" data-settings=\"{&quot;background_background&quot;:&quot;classic&quot;}\">\n\t\t\t<div class=\"elementor-column-wrap elementor-element-populated\">\n\t\t\t\t\t\t\t<div class=\"elementor-widget-wrap\">\n\t\t\t\t\t\t<div class=\"elementor-element elementor-element-8d7c21f elementor-hidden-desktop elementor-hidden-tablet elementor-widget elementor-widget-text-editor\" data-id=\"8d7c21f\" data-element_type=\"widget\" data-widget_type=\"text-editor.default\">\n\t\t\t\t<div class=\"elementor-widget-container\">\n\t\t\t\t\t\t\t\t<div class=\"elementor-text-editor elementor-clearfix\">\n\t\t\t\t<ul><li>Zweij\u00e4hriger Vollzeitunterricht<\/li><li>Ziel: Erwerb des mittleren Bildungsabschlusses<\/li><\/ul><p><a href=\"http:\/\/boch.schule\/broschueren\/bro-Berufsfachschule.pdf\" target=\"_blank\" rel=\"noopener\">Flyer<\/a><\/p><p><a style=\"font-family: var( --e-global-typography-text-font-family ), Roboto; letter-spacing: 0px;\" href=\"https:\/\/www.bbz-merzig.de\/wordpress-1\/anmeldung\/online-anmeldung-2\/\">Online-Anmeldung<\/a><\/p><p><a style=\"font-family: var( --e-global-typography-text-font-family ), Roboto; letter-spacing: 0px;\" href=\"https:\/\/www.bbz-merzig.de\/wordpress-1\/wp-content\/uploads\/Informationsschreiben-fuer-die-Betriebe-zur-Praktikumssuche.pdf\">Anschreiben Betriebe zur Praktikumssuche<\/a><\/p><p><a href=\"https:\/\/www.bbz-merzig.de\/broschueren\/Praktikumsvertrag%20BFS-Gesundheit%20und%20Soziales.pdf\">Praktikumsvertrag<\/a><\/p>\t\t\t\t\t<\/div>\n\t\t\t\t\t\t<\/div>\n\t\t\t\t<\/div>\n\t\t\t\t\t\t<\/div>\n\t\t\t\t\t<\/div>\n\t\t<\/div>\n\t\t\t\t\t\t\t\t<\/div>\n\t\t\t\t\t<\/div>\n\t\t<\/section>\n\t\t\t\t<section class=\"elementor-section elementor-top-section elementor-element elementor-element-0ed38a6 elementor-hidden-desktop elementor-hidden-tablet elementor-section-boxed elementor-section-height-default elementor-section-height-default\" data-id=\"0ed38a6\" data-element_type=\"section\">\n\t\t\t\t\t\t<div class=\"elementor-container elementor-column-gap-default\">\n\t\t\t\t\t\t\t<div class=\"elementor-row\">\n\t\t\t\t\t<div class=\"elementor-column elementor-col-100 elementor-top-column elementor-element elementor-element-7f9309c\" data-id=\"7f9309c\" data-element_type=\"column\" data-settings=\"{&quot;background_background&quot;:&quot;classic&quot;}\">\n\t\t\t<div class=\"elementor-column-wrap elementor-element-populated\">\n\t\t\t\t\t\t\t<div class=\"elementor-widget-wrap\">\n\t\t\t\t\t\t<div class=\"elementor-element elementor-element-1fbd64e elementor-widget elementor-widget-heading\" data-id=\"1fbd64e\" data-element_type=\"widget\" data-widget_type=\"heading.default\">\n\t\t\t\t<div class=\"elementor-widget-container\">\n\t\t\t<h2 class=\"elementor-heading-title elementor-size-default\">Berufsfachschule f\u00fcr Haushaltsf\u00fchrung und ambulante Betreuung<\/h2>\t\t<\/div>\n\t\t\t\t<\/div>\n\t\t\t\t\t\t<\/div>\n\t\t\t\t\t<\/div>\n\t\t<\/div>\n\t\t\t\t\t\t\t\t<\/div>\n\t\t\t\t\t<\/div>\n\t\t<\/section>\n\t\t\t\t<section class=\"elementor-section elementor-top-section elementor-element elementor-element-6dd94fb elementor-section-boxed elementor-section-height-default elementor-section-height-default\" data-id=\"6dd94fb\" data-element_type=\"section\">\n\t\t\t\t\t\t<div class=\"elementor-container elementor-column-gap-default\">\n\t\t\t\t\t\t\t<div class=\"elementor-row\">\n\t\t\t\t\t<div class=\"elementor-column elementor-col-100 elementor-top-column elementor-element elementor-element-a18b2fc elementor-hidden-desktop elementor-hidden-tablet\" data-id=\"a18b2fc\" data-element_type=\"column\" data-settings=\"{&quot;background_background&quot;:&quot;classic&quot;}\">\n\t\t\t<div class=\"elementor-column-wrap elementor-element-populated\">\n\t\t\t\t\t\t\t<div class=\"elementor-widget-wrap\">\n\t\t\t\t\t\t<div class=\"elementor-element elementor-element-8a018a3 elementor-hidden-desktop elementor-hidden-tablet elementor-widget elementor-widget-text-editor\" data-id=\"8a018a3\" data-element_type=\"widget\" data-widget_type=\"text-editor.default\">\n\t\t\t\t<div class=\"elementor-widget-container\">\n\t\t\t\t\t\t\t\t<div class=\"elementor-text-editor elementor-clearfix\">\n\t\t\t\t<p><strong>Neu ab dem Schuljahr 2023\/24: Dreij\u00e4hrige Ausbildung<\/strong><\/p><ul><li>Zweij\u00e4hrige schulische Ausbildung (Fachtheorie)<\/li><li>einj\u00e4hriges Berufspraktikum im Anschluss an die schulische Ausbildung<\/li><li>Ziel: Staatlich gepr\u00fcfte Assistent\/die Staatlich gepr\u00fcfte Assistentin f\u00fcr Ern\u00e4hrung und Versorgung \u2013 Schwerpunkt Haushaltsf\u00fchrung und ambulante Betreuung<\/li><li>Erwerb der Berechtigungen des Mittleren Bildungsabschlusses m\u00f6glich<\/li><li>F\u00f6rderung: Die Ausbildung ist \u00fcber einen Bildungsgutschein der Agentur f\u00fcr Arbeit f\u00f6rderf\u00e4hig (Informationen \u00fcber\u00a0<a href=\"mailto:azav@boch.schule\">azav@boch.schule<\/a>)<\/li><\/ul><p><a href=\"https:\/\/www.bbz-merzig.de\/wordpress-1\/anmeldung\/online-anmeldung-2\/\">Online-Anmeldung<\/a><\/p><p><strong>Unterlagen \u2013 HAB (Praktikum)<\/strong><\/p><ul><li style=\"list-style-type: none;\"><ul><li><a href=\"https:\/\/www.bbz-merzig.de\/wordpress-1\/wp-content\/uploads\/JFB-Schule-Flyer-HAB_RZ-1.pdf\">Flyer<\/a><\/li><li><a href=\"https:\/\/www.bbz-merzig.de\/broschueren\/HAB-Praktikumsvertrag-4-Wochen.doc\">Praktikumsvertrag 4 Wochen<\/a><\/li><li><a href=\"https:\/\/www.bbz-merzig.de\/broschueren\/HAB-Praktikumszeugnis.doc\">Praktikumszeugnis<\/a><\/li><li><a href=\"https:\/\/www.bbz-merzig.de\/broschueren\/HAB-Arbeitszeitplan.doc\">Arbeitszeitplan<\/a><\/li><\/ul><\/li><\/ul>\t\t\t\t\t<\/div>\n\t\t\t\t\t\t<\/div>\n\t\t\t\t<\/div>\n\t\t\t\t\t\t<\/div>\n\t\t\t\t\t<\/div>\n\t\t<\/div>\n\t\t\t\t\t\t\t\t<\/div>\n\t\t\t\t\t<\/div>\n\t\t<\/section>\n\t\t\t\t<section class=\"elementor-section elementor-top-section elementor-element elementor-element-1658095 elementor-hidden-phone elementor-section-boxed elementor-section-height-default elementor-section-height-default\" data-id=\"1658095\" data-element_type=\"section\">\n\t\t\t\t\t\t<div class=\"elementor-container elementor-column-gap-default\">\n\t\t\t\t\t\t\t<div class=\"elementor-row\">\n\t\t\t\t\t<div class=\"elementor-column elementor-col-20 elementor-top-column elementor-element elementor-element-78cfc64\" data-id=\"78cfc64\" data-element_type=\"column\" data-settings=\"{&quot;background_background&quot;:&quot;classic&quot;}\">\n\t\t\t<div class=\"elementor-column-wrap elementor-element-populated\">\n\t\t\t\t\t\t\t<div class=\"elementor-widget-wrap\">\n\t\t\t\t\t\t<div class=\"elementor-element elementor-element-60bec1a elementor-widget elementor-widget-menu-anchor\" data-id=\"60bec1a\" data-element_type=\"widget\" data-widget_type=\"menu-anchor.default\">\n\t\t\t\t<div class=\"elementor-widget-container\">\n\t\t\t\t\t<div id=\"AV\" class=\"elementor-menu-anchor\"><\/div>\n\t\t\t\t<\/div>\n\t\t\t\t<\/div>\n\t\t\t\t<div class=\"elementor-element elementor-element-cf0c54e elementor-widget__width-auto elementor-widget elementor-widget-heading\" data-id=\"cf0c54e\" data-element_type=\"widget\" data-widget_type=\"heading.default\">\n\t\t\t\t<div class=\"elementor-widget-container\">\n\t\t\t<h2 class=\"elementor-heading-title elementor-size-default\">Ausbildungs-vorbereitung<\/h2>\t\t<\/div>\n\t\t\t\t<\/div>\n\t\t\t\t\t\t<\/div>\n\t\t\t\t\t<\/div>\n\t\t<\/div>\n\t\t\t\t<div class=\"elementor-column elementor-col-20 elementor-top-column elementor-element elementor-element-1233ac4\" data-id=\"1233ac4\" data-element_type=\"column\">\n\t\t\t<div class=\"elementor-column-wrap\">\n\t\t\t\t\t\t\t<div class=\"elementor-widget-wrap\">\n\t\t\t\t\t\t\t\t<\/div>\n\t\t\t\t\t<\/div>\n\t\t<\/div>\n\t\t\t\t<div class=\"elementor-column elementor-col-20 elementor-top-column elementor-element elementor-element-e373279\" data-id=\"e373279\" data-element_type=\"column\" data-settings=\"{&quot;background_background&quot;:&quot;classic&quot;}\">\n\t\t\t<div class=\"elementor-column-wrap elementor-element-populated\">\n\t\t\t\t\t\t\t<div class=\"elementor-widget-wrap\">\n\t\t\t\t\t\t<div class=\"elementor-element elementor-element-53fb6a0 elementor-widget elementor-widget-menu-anchor\" data-id=\"53fb6a0\" data-element_type=\"widget\" data-widget_type=\"menu-anchor.default\">\n\t\t\t\t<div class=\"elementor-widget-container\">\n\t\t\t\t\t<div id=\"BFS\" class=\"elementor-menu-anchor\"><\/div>\n\t\t\t\t<\/div>\n\t\t\t\t<\/div>\n\t\t\t\t<div class=\"elementor-element elementor-element-ec44de1 elementor-widget__width-auto elementor-widget elementor-widget-heading\" data-id=\"ec44de1\" data-element_type=\"widget\" data-widget_type=\"heading.default\">\n\t\t\t\t<div class=\"elementor-widget-container\">\n\t\t\t<h2 class=\"elementor-heading-title elementor-size-default\">Berufsfachschule Gesundheit und Soziales<\/h2>\t\t<\/div>\n\t\t\t\t<\/div>\n\t\t\t\t\t\t<\/div>\n\t\t\t\t\t<\/div>\n\t\t<\/div>\n\t\t\t\t<div class=\"elementor-column elementor-col-20 elementor-top-column elementor-element elementor-element-5655e26\" data-id=\"5655e26\" data-element_type=\"column\">\n\t\t\t<div class=\"elementor-column-wrap\">\n\t\t\t\t\t\t\t<div class=\"elementor-widget-wrap\">\n\t\t\t\t\t\t\t\t<\/div>\n\t\t\t\t\t<\/div>\n\t\t<\/div>\n\t\t\t\t<div class=\"elementor-column elementor-col-20 elementor-top-column elementor-element elementor-element-82807a2\" data-id=\"82807a2\" data-element_type=\"column\" data-settings=\"{&quot;background_background&quot;:&quot;classic&quot;}\">\n\t\t\t<div class=\"elementor-column-wrap elementor-element-populated\">\n\t\t\t\t\t\t\t<div class=\"elementor-widget-wrap\">\n\t\t\t\t\t\t<div class=\"elementor-element elementor-element-f0056dc elementor-widget elementor-widget-menu-anchor\" data-id=\"f0056dc\" data-element_type=\"widget\" data-widget_type=\"menu-anchor.default\">\n\t\t\t\t<div class=\"elementor-widget-container\">\n\t\t\t\t\t<div id=\"HAB\" class=\"elementor-menu-anchor\"><\/div>\n\t\t\t\t<\/div>\n\t\t\t\t<\/div>\n\t\t\t\t<div class=\"elementor-element elementor-element-51b480c elementor-widget elementor-widget-heading\" data-id=\"51b480c\" data-element_type=\"widget\" data-widget_type=\"heading.default\">\n\t\t\t\t<div class=\"elementor-widget-container\">\n\t\t\t<h2 class=\"elementor-heading-title elementor-size-default\">Berufsfachschule f\u00fcr Haushaltsf\u00fchrung und ambulante Betreuung<\/h2>\t\t<\/div>\n\t\t\t\t<\/div>\n\t\t\t\t\t\t<\/div>\n\t\t\t\t\t<\/div>\n\t\t<\/div>\n\t\t\t\t\t\t\t\t<\/div>\n\t\t\t\t\t<\/div>\n\t\t<\/section>\n\t\t\t\t<section class=\"elementor-section elementor-top-section elementor-element elementor-element-575a311 elementor-hidden-phone elementor-section-boxed elementor-section-height-default elementor-section-height-default\" data-id=\"575a311\" data-element_type=\"section\">\n\t\t\t\t\t\t<div class=\"elementor-container elementor-column-gap-default\">\n\t\t\t\t\t\t\t<div class=\"elementor-row\">\n\t\t\t\t\t<div class=\"elementor-column elementor-col-20 elementor-top-column elementor-element elementor-element-cc6686e\" data-id=\"cc6686e\" data-element_type=\"column\" data-settings=\"{&quot;background_background&quot;:&quot;classic&quot;}\">\n\t\t\t<div class=\"elementor-column-wrap elementor-element-populated\">\n\t\t\t\t\t\t\t<div class=\"elementor-widget-wrap\">\n\t\t\t\t\t\t<div class=\"elementor-element elementor-element-4a51e02 elementor-widget elementor-widget-text-editor\" data-id=\"4a51e02\" data-element_type=\"widget\" data-widget_type=\"text-editor.default\">\n\t\t\t\t<div class=\"elementor-widget-container\">\n\t\t\t\t\t\t\t\t<div class=\"elementor-text-editor elementor-clearfix\">\n\t\t\t\t<div class=\"et_pb_module et_pb_text et_pb_text_2 et_pb_text_align_left et_pb_bg_layout_light\"><div class=\"et_pb_text_inner\"><ul><li>Einj\u00e4hriger Vollzeitunterricht<\/li><li>Ziel: Berechtigung zum Besuch der Berufsfachschule<\/li><\/ul><p>\u00a0<\/p><p><a href=\"http:\/\/boch.schule\/broschueren\/bro-Ausbildungsvorbereitung.pdf\" target=\"_blank\" rel=\"noopener\">Flyer<\/a><\/p><p><a style=\"font-family: var( --e-global-typography-text-font-family ), Roboto; letter-spacing: 0px;\" href=\"https:\/\/www.bbz-merzig.de\/wordpress-1\/anmeldung\/online-anmeldung-2\/\">Online-Anmeldung<\/a><\/p><p><a href=\"https:\/\/www.bbz-merzig.de\/broschueren\/AV-Leitfaden%20zur%20Online-Anmeldung.pdf\">Leitfaden zur Online-Anmeldung<\/a><\/p><p><a href=\"https:\/\/www.bbz-merzig.de\/\/broschueren\/Praktikumsvertrag%20AV.pdf\">Praktikumsvertrag<\/a><\/p><\/div><\/div>\t\t\t\t\t<\/div>\n\t\t\t\t\t\t<\/div>\n\t\t\t\t<\/div>\n\t\t\t\t\t\t<\/div>\n\t\t\t\t\t<\/div>\n\t\t<\/div>\n\t\t\t\t<div class=\"elementor-column elementor-col-20 elementor-top-column elementor-element elementor-element-4a8f9bc\" data-id=\"4a8f9bc\" data-element_type=\"column\">\n\t\t\t<div class=\"elementor-column-wrap\">\n\t\t\t\t\t\t\t<div class=\"elementor-widget-wrap\">\n\t\t\t\t\t\t\t\t<\/div>\n\t\t\t\t\t<\/div>\n\t\t<\/div>\n\t\t\t\t<div class=\"elementor-column elementor-col-20 elementor-top-column elementor-element elementor-element-d46a1da\" data-id=\"d46a1da\" data-element_type=\"column\" data-settings=\"{&quot;background_background&quot;:&quot;classic&quot;}\">\n\t\t\t<div class=\"elementor-column-wrap elementor-element-populated\">\n\t\t\t\t\t\t\t<div class=\"elementor-widget-wrap\">\n\t\t\t\t\t\t<div class=\"elementor-element elementor-element-588a7f7 elementor-widget elementor-widget-text-editor\" data-id=\"588a7f7\" data-element_type=\"widget\" data-widget_type=\"text-editor.default\">\n\t\t\t\t<div class=\"elementor-widget-container\">\n\t\t\t\t\t\t\t\t<div class=\"elementor-text-editor elementor-clearfix\">\n\t\t\t\t<ul><li>Zweij\u00e4hriger Vollzeitunterricht<\/li><li>Ziel: Erwerb des mittleren Bildungsabschlusses<\/li><\/ul><p>\u00a0<\/p><p><a href=\"http:\/\/boch.schule\/broschueren\/bro-Berufsfachschule.pdf\" target=\"_blank\" rel=\"noopener\">Flyer<\/a><\/p><p><a style=\"font-family: var( --e-global-typography-text-font-family ), Roboto; letter-spacing: 0px;\" href=\"https:\/\/www.bbz-merzig.de\/wordpress-1\/anmeldung\/online-anmeldung-2\/\">Online-Anmeldung<\/a><\/p><p><a style=\"font-family: var( --e-global-typography-text-font-family ), Roboto; letter-spacing: 0px;\" href=\"https:\/\/www.bbz-merzig.de\/wordpress-1\/wp-content\/uploads\/Informationsschreiben-fuer-die-Betriebe-zur-Praktikumssuche.pdf\">Anschreiben Betriebe zur Praktikumssuche<\/a><\/p><p><a href=\"https:\/\/www.bbz-merzig.de\/broschueren\/Praktikumsvertrag%20BFS-Gesundheit%20und%20Soziales.pdf\">Praktikumsvertrag<\/a><\/p>\t\t\t\t\t<\/div>\n\t\t\t\t\t\t<\/div>\n\t\t\t\t<\/div>\n\t\t\t\t\t\t<\/div>\n\t\t\t\t\t<\/div>\n\t\t<\/div>\n\t\t\t\t<div class=\"elementor-column elementor-col-20 elementor-top-column elementor-element elementor-element-dc81900\" data-id=\"dc81900\" data-element_type=\"column\">\n\t\t\t<div class=\"elementor-column-wrap\">\n\t\t\t\t\t\t\t<div class=\"elementor-widget-wrap\">\n\t\t\t\t\t\t\t\t<\/div>\n\t\t\t\t\t<\/div>\n\t\t<\/div>\n\t\t\t\t<div class=\"elementor-column elementor-col-20 elementor-top-column elementor-element elementor-element-355759a\" data-id=\"355759a\" data-element_type=\"column\" data-settings=\"{&quot;background_background&quot;:&quot;classic&quot;}\">\n\t\t\t<div class=\"elementor-column-wrap elementor-element-populated\">\n\t\t\t\t\t\t\t<div class=\"elementor-widget-wrap\">\n\t\t\t\t\t\t<div class=\"elementor-element elementor-element-8284b66 elementor-widget elementor-widget-text-editor\" data-id=\"8284b66\" data-element_type=\"widget\" data-widget_type=\"text-editor.default\">\n\t\t\t\t<div class=\"elementor-widget-container\">\n\t\t\t\t\t\t\t\t<div class=\"elementor-text-editor elementor-clearfix\">\n\t\t\t\t<p><strong>Neu ab dem Schuljahr 2023\/24: Dreij\u00e4hrige Ausbildung<\/strong><\/p><ul><li>Zweij\u00e4hrige schulische Ausbildung (Fachtheorie)<\/li><li>einj\u00e4hriges Berufspraktikum im Anschluss an die schulische Ausbildung<\/li><li>Ziel: Staatlich gepr\u00fcfte Assistent\/die Staatlich gepr\u00fcfte Assistentin f\u00fcr Ern\u00e4hrung und Versorgung \u2013 Schwerpunkt Haushaltsf\u00fchrung und ambulante Betreuung<\/li><li>Erwerb der Berechtigungen des Mittleren Bildungsabschlusses m\u00f6glich<\/li><li>F\u00f6rderung: Die Ausbildung ist \u00fcber einen Bildungsgutschein der Agentur f\u00fcr Arbeit f\u00f6rderf\u00e4hig (Informationen \u00fcber\u00a0<a href=\"mailto:azav@boch.schule\">azav@boch.schule<\/a>)<\/li><\/ul><p>\u00a0<\/p><p><a href=\"https:\/\/www.bbz-merzig.de\/wordpress-1\/anmeldung\/online-anmeldung-2\/\">Online-Anmeldung<\/a><\/p><p><strong>Unterlagen \u2013 HAB (Praktikum)<\/strong><\/p><ul><li style=\"list-style-type: none;\"><ul><li><a href=\"https:\/\/www.bbz-merzig.de\/wordpress-1\/wp-content\/uploads\/JFB-Schule-Flyer-HAB_RZ-1.pdf\">Flyer<\/a><\/li><li><a href=\"https:\/\/www.bbz-merzig.de\/broschueren\/HAB-Praktikumsvertrag-4-Wochen.doc\">Praktikumsvertrag 4 Wochen<\/a><\/li><li><a href=\"https:\/\/www.bbz-merzig.de\/broschueren\/HAB-Praktikumszeugnis.doc\">Praktikumszeugnis<\/a><\/li><li><a href=\"https:\/\/www.bbz-merzig.de\/broschueren\/HAB-Arbeitszeitplan.doc\">Arbeitszeitplan<\/a><\/li><\/ul><\/li><\/ul>\t\t\t\t\t<\/div>\n\t\t\t\t\t\t<\/div>\n\t\t\t\t<\/div>\n\t\t\t\t\t\t<\/div>\n\t\t\t\t\t<\/div>\n\t\t<\/div>\n\t\t\t\t\t\t\t\t<\/div>\n\t\t\t\t\t<\/div>\n\t\t<\/section>\n\t\t\t\t<section class=\"elementor-section elementor-top-section elementor-element elementor-element-c8b2d09 elementor-hidden-desktop elementor-hidden-tablet elementor-section-boxed elementor-section-height-default elementor-section-height-default\" data-id=\"c8b2d09\" data-element_type=\"section\">\n\t\t\t\t\t\t<div class=\"elementor-container elementor-column-gap-default\">\n\t\t\t\t\t\t\t<div class=\"elementor-row\">\n\t\t\t\t\t<div class=\"elementor-column elementor-col-100 elementor-top-column elementor-element elementor-element-65fe941\" data-id=\"65fe941\" data-element_type=\"column\" data-settings=\"{&quot;background_background&quot;:&quot;classic&quot;}\">\n\t\t\t<div class=\"elementor-column-wrap elementor-element-populated\">\n\t\t\t\t\t\t\t<div class=\"elementor-widget-wrap\">\n\t\t\t\t\t\t<div class=\"elementor-element elementor-element-43e5211 elementor-widget__width-auto elementor-widget elementor-widget-heading\" data-id=\"43e5211\" data-element_type=\"widget\" data-widget_type=\"heading.default\">\n\t\t\t\t<div class=\"elementor-widget-container\">\n\t\t\t<h2 class=\"elementor-heading-title elementor-size-default\">Berufsfachschule f\u00fcr Haushaltsf\u00fchrung und ambulante Betreuung (migrantenorientierte Ausbildung) <\/h2>\t\t<\/div>\n\t\t\t\t<\/div>\n\t\t\t\t\t\t<\/div>\n\t\t\t\t\t<\/div>\n\t\t<\/div>\n\t\t\t\t\t\t\t\t<\/div>\n\t\t\t\t\t<\/div>\n\t\t<\/section>\n\t\t\t\t<section class=\"elementor-section elementor-top-section elementor-element elementor-element-6a19d26 elementor-section-boxed elementor-section-height-default elementor-section-height-default\" data-id=\"6a19d26\" data-element_type=\"section\">\n\t\t\t\t\t\t<div class=\"elementor-container elementor-column-gap-default\">\n\t\t\t\t\t\t\t<div class=\"elementor-row\">\n\t\t\t\t\t<div class=\"elementor-column elementor-col-100 elementor-top-column elementor-element elementor-element-2a08ea7 elementor-hidden-desktop elementor-hidden-tablet\" data-id=\"2a08ea7\" data-element_type=\"column\" data-settings=\"{&quot;background_background&quot;:&quot;classic&quot;}\">\n\t\t\t<div class=\"elementor-column-wrap elementor-element-populated\">\n\t\t\t\t\t\t\t<div class=\"elementor-widget-wrap\">\n\t\t\t\t\t\t<div class=\"elementor-element elementor-element-1d7e6f8 elementor-hidden-desktop elementor-hidden-tablet elementor-widget elementor-widget-text-editor\" data-id=\"1d7e6f8\" data-element_type=\"widget\" data-widget_type=\"text-editor.default\">\n\t\t\t\t<div class=\"elementor-widget-container\">\n\t\t\t\t\t\t\t\t<div class=\"elementor-text-editor elementor-clearfix\">\n\t\t\t\t<ul><li><strong>Neu ab dem Schuljahr 2023\/24: Dreij\u00e4hrige Ausbildung<\/strong><\/li><li>Zweij\u00e4hrige schulische Ausbildung (Fachtheorie)<\/li><li>einj\u00e4hriges Berufspraktikum im Anschluss an die schulische Ausbildung<\/li><li>Ziel: Staatlich gepr\u00fcfte Assistent\/die Staatlich gepr\u00fcfte Assistentin f\u00fcr Ern\u00e4hrung und Versorgung \u2013 Schwerpunkt Haushaltsf\u00fchrung und ambulante Betreuung<\/li><li>Erwerb der Berechtigungen des Mittleren Bildungsabschlusses m\u00f6glich<\/li><li>F\u00f6rderung: Die Ausbildung ist \u00fcber einen Bildungsgutschein der Agentur f\u00fcr Arbeit f\u00f6rderf\u00e4hig (Informationen \u00fcber\u00a0<a href=\"mailto:azav@boch.schule\">azav@boch.schule<\/a>)<\/li><\/ul><p>\u00a0<\/p><p><a href=\"https:\/\/www.bbz-merzig.de\/wordpress-1\/anmeldung\/online-anmeldung-2\/\">Online-Anmeldung<\/a><\/p><p><strong>Unterlagen \u2013 HAB (Praktikum)<\/strong><\/p><ul><li><a href=\"https:\/\/www.bbz-merzig.de\/broschueren\/HAB-Praktikumsvertrag-4-Wochen.doc\">Praktikumsvertrag 4 Wochen<\/a><\/li><li><a href=\"https:\/\/www.bbz-merzig.de\/broschueren\/HAB-Praktikumszeugnis.doc\">Praktikumszeugnis<\/a><\/li><li><a href=\"https:\/\/www.bbz-merzig.de\/broschueren\/HAB-Arbeitszeitplan.doc\">Arbeitszeitplan<\/a><\/li><\/ul>\t\t\t\t\t<\/div>\n\t\t\t\t\t\t<\/div>\n\t\t\t\t<\/div>\n\t\t\t\t\t\t<\/div>\n\t\t\t\t\t<\/div>\n\t\t<\/div>\n\t\t\t\t\t\t\t\t<\/div>\n\t\t\t\t\t<\/div>\n\t\t<\/section>\n\t\t\t\t<section class=\"elementor-section elementor-top-section elementor-element elementor-element-6ca3cf4 elementor-section-boxed elementor-section-height-default elementor-section-height-default\" data-id=\"6ca3cf4\" data-element_type=\"section\">\n\t\t\t\t\t\t<div class=\"elementor-container elementor-column-gap-default\">\n\t\t\t\t\t\t\t<div class=\"elementor-row\">\n\t\t\t\t\t<div class=\"elementor-column elementor-col-100 elementor-top-column elementor-element elementor-element-d6599d7\" data-id=\"d6599d7\" data-element_type=\"column\">\n\t\t\t<div class=\"elementor-column-wrap\">\n\t\t\t\t\t\t\t<div class=\"elementor-widget-wrap\">\n\t\t\t\t\t\t\t\t<\/div>\n\t\t\t\t\t<\/div>\n\t\t<\/div>\n\t\t\t\t\t\t\t\t<\/div>\n\t\t\t\t\t<\/div>\n\t\t<\/section>\n\t\t\t\t<section class=\"elementor-section elementor-top-section elementor-element elementor-element-f08315d elementor-hidden-desktop elementor-hidden-tablet elementor-section-boxed elementor-section-height-default elementor-section-height-default\" data-id=\"f08315d\" data-element_type=\"section\">\n\t\t\t\t\t\t<div class=\"elementor-container elementor-column-gap-default\">\n\t\t\t\t\t\t\t<div class=\"elementor-row\">\n\t\t\t\t\t<div class=\"elementor-column elementor-col-100 elementor-top-column elementor-element elementor-element-1e89dfb\" data-id=\"1e89dfb\" data-element_type=\"column\" data-settings=\"{&quot;background_background&quot;:&quot;classic&quot;}\">\n\t\t\t<div class=\"elementor-column-wrap elementor-element-populated\">\n\t\t\t\t\t\t\t<div class=\"elementor-widget-wrap\">\n\t\t\t\t\t\t<div class=\"elementor-element elementor-element-8518c94 elementor-widget__width-auto elementor-widget elementor-widget-heading\" data-id=\"8518c94\" data-element_type=\"widget\" data-widget_type=\"heading.default\">\n\t\t\t\t<div class=\"elementor-widget-container\">\n\t\t\t<h2 class=\"elementor-heading-title elementor-size-default\">Berufsschule Gesundheit und Soziales<\/h2>\t\t<\/div>\n\t\t\t\t<\/div>\n\t\t\t\t\t\t<\/div>\n\t\t\t\t\t<\/div>\n\t\t<\/div>\n\t\t\t\t\t\t\t\t<\/div>\n\t\t\t\t\t<\/div>\n\t\t<\/section>\n\t\t\t\t<section class=\"elementor-section elementor-top-section elementor-element elementor-element-92ecb5f elementor-hidden-desktop elementor-hidden-tablet elementor-section-boxed elementor-section-height-default elementor-section-height-default\" data-id=\"92ecb5f\" data-element_type=\"section\">\n\t\t\t\t\t\t<div class=\"elementor-container elementor-column-gap-default\">\n\t\t\t\t\t\t\t<div class=\"elementor-row\">\n\t\t\t\t\t<div class=\"elementor-column elementor-col-100 elementor-top-column elementor-element elementor-element-87d0e49\" data-id=\"87d0e49\" data-element_type=\"column\" data-settings=\"{&quot;background_background&quot;:&quot;classic&quot;}\">\n\t\t\t<div class=\"elementor-column-wrap elementor-element-populated\">\n\t\t\t\t\t\t\t<div class=\"elementor-widget-wrap\">\n\t\t\t\t\t\t<div class=\"elementor-element elementor-element-75948f4 elementor-widget elementor-widget-text-editor\" data-id=\"75948f4\" data-element_type=\"widget\" data-widget_type=\"text-editor.default\">\n\t\t\t\t<div class=\"elementor-widget-container\">\n\t\t\t\t\t\t\t\t<div class=\"elementor-text-editor elementor-clearfix\">\n\t\t\t\t<ul><li>Zwei- bis dreieinhalbj\u00e4hriger Teilzeitunterricht<\/li><li>Ziel: Abschluss einer Berufsausbildung<\/li><\/ul><p>\u00a0<\/p><p><strong>Ausbildungsberufe:<\/strong><\/p><ul><li>Friseure<\/li><\/ul>\t\t\t\t\t<\/div>\n\t\t\t\t\t\t<\/div>\n\t\t\t\t<\/div>\n\t\t\t\t\t\t<\/div>\n\t\t\t\t\t<\/div>\n\t\t<\/div>\n\t\t\t\t\t\t\t\t<\/div>\n\t\t\t\t\t<\/div>\n\t\t<\/section>\n\t\t\t\t<section class=\"elementor-section elementor-top-section elementor-element elementor-element-d39b207 elementor-hidden-desktop elementor-hidden-tablet elementor-section-boxed elementor-section-height-default elementor-section-height-default\" data-id=\"d39b207\" data-element_type=\"section\">\n\t\t\t\t\t\t<div class=\"elementor-container elementor-column-gap-default\">\n\t\t\t\t\t\t\t<div class=\"elementor-row\">\n\t\t\t\t\t<div class=\"elementor-column elementor-col-100 elementor-top-column elementor-element elementor-element-3473301\" data-id=\"3473301\" data-element_type=\"column\" data-settings=\"{&quot;background_background&quot;:&quot;classic&quot;}\">\n\t\t\t<div class=\"elementor-column-wrap elementor-element-populated\">\n\t\t\t\t\t\t\t<div class=\"elementor-widget-wrap\">\n\t\t\t\t\t\t<div class=\"elementor-element elementor-element-ff14ac2 elementor-widget elementor-widget-heading\" data-id=\"ff14ac2\" data-element_type=\"widget\" data-widget_type=\"heading.default\">\n\t\t\t\t<div class=\"elementor-widget-container\">\n\t\t\t<h2 class=\"elementor-heading-title elementor-size-default\">Akademie f\u00fcr Erzieherinnen und Erzieher\/ Fachschule f\u00fcr Sozialp\u00e4dagogik - Berufliche Vorbereitungsma\u00df-nahme (Vorkurs)<\/h2>\t\t<\/div>\n\t\t\t\t<\/div>\n\t\t\t\t\t\t<\/div>\n\t\t\t\t\t<\/div>\n\t\t<\/div>\n\t\t\t\t\t\t\t\t<\/div>\n\t\t\t\t\t<\/div>\n\t\t<\/section>\n\t\t\t\t<section class=\"elementor-section elementor-top-section elementor-element elementor-element-30cb92b elementor-section-boxed elementor-section-height-default elementor-section-height-default\" data-id=\"30cb92b\" data-element_type=\"section\">\n\t\t\t\t\t\t<div class=\"elementor-container elementor-column-gap-default\">\n\t\t\t\t\t\t\t<div class=\"elementor-row\">\n\t\t\t\t\t<div class=\"elementor-column elementor-col-100 elementor-top-column elementor-element elementor-element-7f4f2a7 elementor-hidden-desktop elementor-hidden-tablet\" data-id=\"7f4f2a7\" data-element_type=\"column\" data-settings=\"{&quot;background_background&quot;:&quot;classic&quot;}\">\n\t\t\t<div class=\"elementor-column-wrap elementor-element-populated\">\n\t\t\t\t\t\t\t<div class=\"elementor-widget-wrap\">\n\t\t\t\t\t\t<div class=\"elementor-element elementor-element-5f42500 elementor-hidden-desktop elementor-hidden-tablet elementor-widget elementor-widget-text-editor\" data-id=\"5f42500\" data-element_type=\"widget\" data-widget_type=\"text-editor.default\">\n\t\t\t\t<div class=\"elementor-widget-container\">\n\t\t\t\t\t\t\t\t<div class=\"elementor-text-editor elementor-clearfix\">\n\t\t\t\t<ul><li>Einj\u00e4hriger Teilzeitunterricht, mit schulisch begleitetem Vorpraktikum<\/li><li>Ziel: Aufnahme in die Erzieher-Akademie<\/li><\/ul><div>\u00a0<\/div><p><a href=\"https:\/\/www.bbz-merzig.de\/wordpress-1\/wp-content\/uploads\/JFB-Schule-Flyer-Vorkurs-2023.pdf\" target=\"_blank\" rel=\"noopener\">Flyer<\/a><\/p><p><strong style=\"color: var( --e-global-color-text ); font-family: var( --e-global-typography-text-font-family ), Roboto; letter-spacing: 0px;\">Unterlagen &#8211; Erzieher-Akademie-Vorkurs<\/strong><\/p><ul><li><a href=\"https:\/\/www.bbz-merzig.de\/wordpress-1\/wp-content\/uploads\/Aerztliche-Bescheinigung-FSP.pdf\">\u00c4rztliche Bescheinigung<\/a><\/li><li><a href=\"https:\/\/www.bbz-merzig.de\/wordpress-1\/wp-content\/uploads\/Vorkurs-Checkliste.pdf\">Checkliste Anmeldung f\u00fcr den Vorkurs<\/a><\/li><li><a href=\"https:\/\/www.bbz-merzig.de\/wordpress-1\/wp-content\/uploads\/Praktikumsvereinbarung-Vorkurs-ab-2022.pdf\">Praktikumvereinbarung f\u00fcr den Vorkurs<\/a><\/li><\/ul><p>Bewerbungsfrist: bis zum 1. M\u00e4rz des jeweiligen Jahres. Bei Bewerbungen nach der Frist besteht noch die Aussicht auf einen Nachr\u00fcckerplatz.<\/p>\t\t\t\t\t<\/div>\n\t\t\t\t\t\t<\/div>\n\t\t\t\t<\/div>\n\t\t\t\t\t\t<\/div>\n\t\t\t\t\t<\/div>\n\t\t<\/div>\n\t\t\t\t\t\t\t\t<\/div>\n\t\t\t\t\t<\/div>\n\t\t<\/section>\n\t\t\t\t<section class=\"elementor-section elementor-top-section elementor-element elementor-element-3aafc5e0 elementor-hidden-phone elementor-section-boxed elementor-section-height-default elementor-section-height-default\" data-id=\"3aafc5e0\" data-element_type=\"section\">\n\t\t\t\t\t\t<div class=\"elementor-container elementor-column-gap-default\">\n\t\t\t\t\t\t\t<div class=\"elementor-row\">\n\t\t\t\t\t<div class=\"elementor-column elementor-col-20 elementor-top-column elementor-element elementor-element-3e9b286d\" data-id=\"3e9b286d\" data-element_type=\"column\" data-settings=\"{&quot;background_background&quot;:&quot;classic&quot;}\">\n\t\t\t<div class=\"elementor-column-wrap elementor-element-populated\">\n\t\t\t\t\t\t\t<div class=\"elementor-widget-wrap\">\n\t\t\t\t\t\t<div class=\"elementor-element elementor-element-7f6e27f elementor-widget elementor-widget-menu-anchor\" data-id=\"7f6e27f\" data-element_type=\"widget\" data-widget_type=\"menu-anchor.default\">\n\t\t\t\t<div class=\"elementor-widget-container\">\n\t\t\t\t\t<div id=\"BFSKI\" class=\"elementor-menu-anchor\"><\/div>\n\t\t\t\t<\/div>\n\t\t\t\t<\/div>\n\t\t\t\t<div class=\"elementor-element elementor-element-3b5beaa elementor-widget elementor-widget-heading\" data-id=\"3b5beaa\" data-element_type=\"widget\" data-widget_type=\"heading.default\">\n\t\t\t\t<div class=\"elementor-widget-container\">\n\t\t\t<h5 class=\"elementor-heading-title elementor-size-default\"><h2 class=\"elementor-heading-title elementor-size-default elementor-inline-editing pen\" data-elementor-setting-key=\"title\" data-pen-placeholder=\"Eingabe hier...\" style=\"letter-spacing: normal; font-family: Arial, Roboto; color: rgb(84, 89, 95); text-align: center;\">Berufsfachschule f\u00fcr Kinderpflege (KI)<\/h2><\/h5>\t\t<\/div>\n\t\t\t\t<\/div>\n\t\t\t\t\t\t<\/div>\n\t\t\t\t\t<\/div>\n\t\t<\/div>\n\t\t\t\t<div class=\"elementor-column elementor-col-20 elementor-top-column elementor-element elementor-element-21635ad\" data-id=\"21635ad\" data-element_type=\"column\">\n\t\t\t<div class=\"elementor-column-wrap\">\n\t\t\t\t\t\t\t<div class=\"elementor-widget-wrap\">\n\t\t\t\t\t\t\t\t<\/div>\n\t\t\t\t\t<\/div>\n\t\t<\/div>\n\t\t\t\t<div class=\"elementor-column elementor-col-20 elementor-top-column elementor-element elementor-element-699448c7\" data-id=\"699448c7\" data-element_type=\"column\" data-settings=\"{&quot;background_background&quot;:&quot;classic&quot;}\">\n\t\t\t<div class=\"elementor-column-wrap elementor-element-populated\">\n\t\t\t\t\t\t\t<div class=\"elementor-widget-wrap\">\n\t\t\t\t\t\t<div class=\"elementor-element elementor-element-e3706ab elementor-widget elementor-widget-menu-anchor\" data-id=\"e3706ab\" data-element_type=\"widget\" data-widget_type=\"menu-anchor.default\">\n\t\t\t\t<div class=\"elementor-widget-container\">\n\t\t\t\t\t<div id=\"BS\" class=\"elementor-menu-anchor\"><\/div>\n\t\t\t\t<\/div>\n\t\t\t\t<\/div>\n\t\t\t\t<div class=\"elementor-element elementor-element-8c5661b elementor-widget__width-auto elementor-widget elementor-widget-heading\" data-id=\"8c5661b\" data-element_type=\"widget\" data-widget_type=\"heading.default\">\n\t\t\t\t<div class=\"elementor-widget-container\">\n\t\t\t<h2 class=\"elementor-heading-title elementor-size-default\">Berufsschule Gesundheit und Soziales<\/h2>\t\t<\/div>\n\t\t\t\t<\/div>\n\t\t\t\t\t\t<\/div>\n\t\t\t\t\t<\/div>\n\t\t<\/div>\n\t\t\t\t<div class=\"elementor-column elementor-col-20 elementor-top-column elementor-element elementor-element-92120c7\" data-id=\"92120c7\" data-element_type=\"column\">\n\t\t\t<div class=\"elementor-column-wrap\">\n\t\t\t\t\t\t\t<div class=\"elementor-widget-wrap\">\n\t\t\t\t\t\t\t\t<\/div>\n\t\t\t\t\t<\/div>\n\t\t<\/div>\n\t\t\t\t<div class=\"elementor-column elementor-col-20 elementor-top-column elementor-element elementor-element-33fe52da\" data-id=\"33fe52da\" data-element_type=\"column\" data-settings=\"{&quot;background_background&quot;:&quot;classic&quot;}\">\n\t\t\t<div class=\"elementor-column-wrap elementor-element-populated\">\n\t\t\t\t\t\t\t<div class=\"elementor-widget-wrap\">\n\t\t\t\t\t\t<div class=\"elementor-element elementor-element-702851b elementor-widget elementor-widget-menu-anchor\" data-id=\"702851b\" data-element_type=\"widget\" data-widget_type=\"menu-anchor.default\">\n\t\t\t\t<div class=\"elementor-widget-container\">\n\t\t\t\t\t<div id=\"EAV\" class=\"elementor-menu-anchor\"><\/div>\n\t\t\t\t<\/div>\n\t\t\t\t<\/div>\n\t\t\t\t<div class=\"elementor-element elementor-element-75a1ad37 elementor-widget elementor-widget-heading\" data-id=\"75a1ad37\" data-element_type=\"widget\" data-widget_type=\"heading.default\">\n\t\t\t\t<div class=\"elementor-widget-container\">\n\t\t\t<h2 class=\"elementor-heading-title elementor-size-default\">Akademie f\u00fcr Erzieherinnen und Erzieher\/ Fachschule f\u00fcr Sozialp\u00e4dagogik - Berufliche Vorbereitungsma\u00df-nahme (Vorkurs)<\/h2>\t\t<\/div>\n\t\t\t\t<\/div>\n\t\t\t\t\t\t<\/div>\n\t\t\t\t\t<\/div>\n\t\t<\/div>\n\t\t\t\t\t\t\t\t<\/div>\n\t\t\t\t\t<\/div>\n\t\t<\/section>\n\t\t\t\t<section class=\"elementor-section elementor-top-section elementor-element elementor-element-3baa880b elementor-hidden-phone elementor-section-boxed elementor-section-height-default elementor-section-height-default\" data-id=\"3baa880b\" data-element_type=\"section\">\n\t\t\t\t\t\t<div class=\"elementor-container elementor-column-gap-default\">\n\t\t\t\t\t\t\t<div class=\"elementor-row\">\n\t\t\t\t\t<div class=\"elementor-column elementor-col-20 elementor-top-column elementor-element elementor-element-1e58e06c\" data-id=\"1e58e06c\" data-element_type=\"column\" data-settings=\"{&quot;background_background&quot;:&quot;classic&quot;}\">\n\t\t\t<div class=\"elementor-column-wrap elementor-element-populated\">\n\t\t\t\t\t\t\t<div class=\"elementor-widget-wrap\">\n\t\t\t\t\t\t<div class=\"elementor-element elementor-element-4bb26db1 elementor-widget elementor-widget-text-editor\" data-id=\"4bb26db1\" data-element_type=\"widget\" data-widget_type=\"text-editor.default\">\n\t\t\t\t<div class=\"elementor-widget-container\">\n\t\t\t\t\t\t\t\t<div class=\"elementor-text-editor elementor-clearfix\">\n\t\t\t\t\t\t\t\t\t<\/div>\n\t\t\t\t\t\t<\/div>\n\t\t\t\t<\/div>\n\t\t\t\t<div class=\"elementor-element elementor-element-8327233 elementor-widget elementor-widget-text-editor\" data-id=\"8327233\" data-element_type=\"widget\" data-widget_type=\"text-editor.default\">\n\t\t\t\t<div class=\"elementor-widget-container\">\n\t\t\t\t\t\t\t\t<div class=\"elementor-text-editor elementor-clearfix\">\n\t\t\t\t<p><strong>Dreij\u00e4hrige Ausbildung<\/strong><\/p><ul><li>Zweij\u00e4hrige schulische Ausbildung (Fachtheorie)<\/li><li>einj\u00e4hriges Berufspraktikum im Anschluss an die schulische Ausbildung<\/li><li>Ziel: staatlich anerkannte\/r Kinderpfleger\/in<\/li><li>Erwerb der Berechtigungen des Mittleren Bildungsabschlusses m\u00f6glich<\/li><li>F\u00f6rderung: Die Ausbildung ist \u00fcber einen Bildungsgutschein der Agentur f\u00fcr Arbeit f\u00f6rderf\u00e4hig<\/li><\/ul><p>\u00a0<\/p><p><a style=\"color: #336699;\" href=\"https:\/\/www.bbz-merzig.de\/wordpress-1\/anmeldung\/online-anmeldung-2\/\">Online-Anmeldung<\/a><\/p>\t\t\t\t\t<\/div>\n\t\t\t\t\t\t<\/div>\n\t\t\t\t<\/div>\n\t\t\t\t\t\t<\/div>\n\t\t\t\t\t<\/div>\n\t\t<\/div>\n\t\t\t\t<div class=\"elementor-column elementor-col-20 elementor-top-column elementor-element elementor-element-357b2cc8\" data-id=\"357b2cc8\" data-element_type=\"column\">\n\t\t\t<div class=\"elementor-column-wrap\">\n\t\t\t\t\t\t\t<div class=\"elementor-widget-wrap\">\n\t\t\t\t\t\t\t\t<\/div>\n\t\t\t\t\t<\/div>\n\t\t<\/div>\n\t\t\t\t<div class=\"elementor-column elementor-col-20 elementor-top-column elementor-element elementor-element-909ec4b\" data-id=\"909ec4b\" data-element_type=\"column\" data-settings=\"{&quot;background_background&quot;:&quot;classic&quot;}\">\n\t\t\t<div class=\"elementor-column-wrap elementor-element-populated\">\n\t\t\t\t\t\t\t<div class=\"elementor-widget-wrap\">\n\t\t\t\t\t\t<div class=\"elementor-element elementor-element-57e7c806 elementor-widget elementor-widget-text-editor\" data-id=\"57e7c806\" data-element_type=\"widget\" data-widget_type=\"text-editor.default\">\n\t\t\t\t<div class=\"elementor-widget-container\">\n\t\t\t\t\t\t\t\t<div class=\"elementor-text-editor elementor-clearfix\">\n\t\t\t\t<ul><li>Zwei- bis dreieinhalbj\u00e4hriger Teilzeitunterricht<\/li><li>Ziel: Abschluss einer Berufsausbildung<\/li><\/ul><p>\u00a0<\/p><p><strong>Ausbildungsberufe:<\/strong><\/p><ul><li>Friseure<\/li><\/ul>\t\t\t\t\t<\/div>\n\t\t\t\t\t\t<\/div>\n\t\t\t\t<\/div>\n\t\t\t\t\t\t<\/div>\n\t\t\t\t\t<\/div>\n\t\t<\/div>\n\t\t\t\t<div class=\"elementor-column elementor-col-20 elementor-top-column elementor-element elementor-element-5cc32c43\" data-id=\"5cc32c43\" data-element_type=\"column\">\n\t\t\t<div class=\"elementor-column-wrap\">\n\t\t\t\t\t\t\t<div class=\"elementor-widget-wrap\">\n\t\t\t\t\t\t\t\t<\/div>\n\t\t\t\t\t<\/div>\n\t\t<\/div>\n\t\t\t\t<div class=\"elementor-column elementor-col-20 elementor-top-column elementor-element elementor-element-ceb1e97\" data-id=\"ceb1e97\" data-element_type=\"column\" data-settings=\"{&quot;background_background&quot;:&quot;classic&quot;}\">\n\t\t\t<div class=\"elementor-column-wrap elementor-element-populated\">\n\t\t\t\t\t\t\t<div class=\"elementor-widget-wrap\">\n\t\t\t\t\t\t<div class=\"elementor-element elementor-element-bd8e91e elementor-widget elementor-widget-text-editor\" data-id=\"bd8e91e\" data-element_type=\"widget\" data-widget_type=\"text-editor.default\">\n\t\t\t\t<div class=\"elementor-widget-container\">\n\t\t\t\t\t\t\t\t<div class=\"elementor-text-editor elementor-clearfix\">\n\t\t\t\t<ul><li>Einj\u00e4hriger Teilzeitunterricht, mit schulisch begleitetem Vorpraktikum<\/li><li>Ziel: Aufnahme in die Erzieher-Akademie<\/li><\/ul><div>\u00a0<\/div><p><a href=\"https:\/\/www.bbz-merzig.de\/wordpress-1\/wp-content\/uploads\/JFB-Schule-Flyer-Vorkurs-2023.pdf\" target=\"_blank\" rel=\"noopener\">Flyer<\/a><\/p><p><strong style=\"color: var( --e-global-color-text ); font-family: var( --e-global-typography-text-font-family ), Roboto; letter-spacing: 0px;\">Unterlagen &#8211; Erzieher-Akademie-Vorkurs<\/strong><\/p><ul><li><a href=\"https:\/\/www.bbz-merzig.de\/wordpress-1\/wp-content\/uploads\/Aerztliche-Bescheinigung-FSP.pdf\">\u00c4rztliche Bescheinigung<\/a><\/li><li><a href=\"https:\/\/www.bbz-merzig.de\/wordpress-1\/wp-content\/uploads\/Vorkurs-Checkliste.pdf\">Checkliste Anmeldung f\u00fcr den Vorkurs<\/a><\/li><li><a href=\"https:\/\/www.bbz-merzig.de\/wordpress-1\/wp-content\/uploads\/Praktikumsvereinbarung-Vorkurs-ab-2022.pdf\">Praktikumvereinbarung f\u00fcr den Vorkurs<\/a><\/li><\/ul><p>\u00a0<\/p><p>Bewerbungsfrist: bis zum 1. M\u00e4rz des jeweiligen Jahres. Bei Bewerbungen nach der Frist besteht noch die Aussicht auf einen Nachr\u00fcckerplatz.<\/p><ul><li style=\"list-style-type: none;\">\u00a0<\/li><\/ul>\t\t\t\t\t<\/div>\n\t\t\t\t\t\t<\/div>\n\t\t\t\t<\/div>\n\t\t\t\t\t\t<\/div>\n\t\t\t\t\t<\/div>\n\t\t<\/div>\n\t\t\t\t\t\t\t\t<\/div>\n\t\t\t\t\t<\/div>\n\t\t<\/section>\n\t\t\t\t<section class=\"elementor-section elementor-top-section elementor-element elementor-element-ceb2642 elementor-hidden-desktop elementor-hidden-tablet elementor-section-boxed elementor-section-height-default elementor-section-height-default\" data-id=\"ceb2642\" data-element_type=\"section\">\n\t\t\t\t\t\t<div class=\"elementor-container elementor-column-gap-default\">\n\t\t\t\t\t\t\t<div class=\"elementor-row\">\n\t\t\t\t\t<div class=\"elementor-column elementor-col-100 elementor-top-column elementor-element elementor-element-1e2dd22\" data-id=\"1e2dd22\" data-element_type=\"column\" data-settings=\"{&quot;background_background&quot;:&quot;classic&quot;}\">\n\t\t\t<div class=\"elementor-column-wrap elementor-element-populated\">\n\t\t\t\t\t\t\t<div class=\"elementor-widget-wrap\">\n\t\t\t\t\t\t<div class=\"elementor-element elementor-element-5914c54 elementor-widget__width-auto elementor-widget elementor-widget-heading\" data-id=\"5914c54\" data-element_type=\"widget\" data-widget_type=\"heading.default\">\n\t\t\t\t<div class=\"elementor-widget-container\">\n\t\t\t<h2 class=\"elementor-heading-title elementor-size-default\">Akademie f\u00fcr Erzieherinnen und Erzieher\/Fachschule f\u00fcr Sozialp\u00e4dagogik<\/h2>\t\t<\/div>\n\t\t\t\t<\/div>\n\t\t\t\t\t\t<\/div>\n\t\t\t\t\t<\/div>\n\t\t<\/div>\n\t\t\t\t\t\t\t\t<\/div>\n\t\t\t\t\t<\/div>\n\t\t<\/section>\n\t\t\t\t<section class=\"elementor-section elementor-top-section elementor-element elementor-element-eb72d59 elementor-section-boxed elementor-section-height-default elementor-section-height-default\" data-id=\"eb72d59\" data-element_type=\"section\">\n\t\t\t\t\t\t<div class=\"elementor-container elementor-column-gap-default\">\n\t\t\t\t\t\t\t<div class=\"elementor-row\">\n\t\t\t\t\t<div class=\"elementor-column elementor-col-100 elementor-top-column elementor-element elementor-element-0c70791 elementor-hidden-desktop elementor-hidden-tablet\" data-id=\"0c70791\" data-element_type=\"column\" data-settings=\"{&quot;background_background&quot;:&quot;classic&quot;}\">\n\t\t\t<div class=\"elementor-column-wrap elementor-element-populated\">\n\t\t\t\t\t\t\t<div class=\"elementor-widget-wrap\">\n\t\t\t\t\t\t<div class=\"elementor-element elementor-element-754caf9 elementor-hidden-desktop elementor-hidden-tablet elementor-widget elementor-widget-text-editor\" data-id=\"754caf9\" data-element_type=\"widget\" data-widget_type=\"text-editor.default\">\n\t\t\t\t<div class=\"elementor-widget-container\">\n\t\t\t\t\t\t\t\t<div class=\"elementor-text-editor elementor-clearfix\">\n\t\t\t\t<div class=\"et_pb_text_inner\"><ul><li><p>Zweij\u00e4hrige fachtheoretische Ausbildung (Schule) und eine einj\u00e4hrige fachpraktische Ausbildung (Anerkennungsjahr)<\/p><\/li><li><p>Berufsabschluss: Staatlich anerkannte\/r Erzieher\/in \/ Bachelor Professional in Sozialwesen<\/p><\/li><li>F\u00f6rderung: Die Ausbildung ist \u00fcber einen Bildungsgutschein der Agentur f\u00fcr Arbeit f\u00f6rderf\u00e4hig (Informationen \u00fcber <a href=\"mailto:azav@boch.schule\">azav@boch.schule<\/a>)<\/li><\/ul><div>\u00a0<\/div><p><a href=\"https:\/\/www.bbz-merzig.de\/wordpress-1\/wp-content\/uploads\/JFB-Schule-Erzieherakademie-2023.pdf\" target=\"_blank\" rel=\"noopener\">Flyer<\/a><\/p><p><a style=\"font-family: var( --e-global-typography-text-font-family ), Roboto; letter-spacing: 0px;\" href=\"https:\/\/www.bbz-merzig.de\/wordpress-1\/anmeldung\/online-anmeldung-2\/\">Online-Anmeldung<\/a><\/p><\/div><p><strong>Unterlagen Erzieher-Akademie<\/strong><\/p><ul><li><a href=\"https:\/\/www.bbz-merzig.de\/wordpress-1\/wp-content\/uploads\/Aerztliche-Bescheinigung.pdf\">\u00c4rztliche Bescheinigung<\/a><\/li><li><a href=\"https:\/\/www.bbz-merzig.de\/wordpress-1\/wp-content\/uploads\/Checkliste-Anmeldung-Unterstufe-1.pdf\">Checkliste Anmeldung f\u00fcr die Unterstufe<\/a><\/li><li><a href=\"https:\/\/www.bbz-merzig.de\/wordpress-1\/wp-content\/uploads\/Zugangsvoraussetzungen-fuer-die-Unterstufe.pdf\">Zugangsvoraussetzungen f\u00fcr den Eintritt in die Unterstufe<\/a><\/li><li><a href=\"https:\/\/www.bbz-merzig.de\/wordpress-1\/wp-content\/uploads\/Bescheinigung-und-Beurteilung-des-sechswoechigen-Praktikums-1.pdf\">Bescheinigung der Eignung f\u00fcr den Beruf durch ein mindestens sechsw\u00f6chiges Praktikum<\/a> (nur in Verbindung mit einer Hochschulreife oder eines Berufsschulabschlusses incl. MBA)<\/li><li><p><a href=\"https:\/\/www.bbz-merzig.de\/wordpress-1\/wp-content\/uploads\/Praktikumsvereinbarung_FSP-blanko.pdf\">Vereinbarung sozialp\u00e4dagogisches Praktikum<\/a><\/p><\/li><li><p><a href=\"https:\/\/www.bbz-merzig.de\/wordpress-1\/wp-content\/uploads\/Praktikumsvereinbarung-Berufspraktikum.pdf\">Vereinbarung berufspraktische Ausbildung (Anerkennungsjahr)<\/a><\/p><\/li><\/ul><p>Bewerbungsfrist: bis zum 1. M\u00e4rz des jeweiligen Jahres. Bei Bewerbungen nach der Frist besteht noch die Aussicht auf einen Nachr\u00fcckerplatz.<\/p>\t\t\t\t\t<\/div>\n\t\t\t\t\t\t<\/div>\n\t\t\t\t<\/div>\n\t\t\t\t\t\t<\/div>\n\t\t\t\t\t<\/div>\n\t\t<\/div>\n\t\t\t\t\t\t\t\t<\/div>\n\t\t\t\t\t<\/div>\n\t\t<\/section>\n\t\t\t\t<section class=\"elementor-section elementor-top-section elementor-element elementor-element-9f4ddda elementor-hidden-desktop elementor-hidden-tablet elementor-section-boxed elementor-section-height-default elementor-section-height-default\" data-id=\"9f4ddda\" data-element_type=\"section\">\n\t\t\t\t\t\t<div class=\"elementor-container elementor-column-gap-default\">\n\t\t\t\t\t\t\t<div class=\"elementor-row\">\n\t\t\t\t\t<div class=\"elementor-column elementor-col-50 elementor-top-column elementor-element elementor-element-ccea797\" data-id=\"ccea797\" data-element_type=\"column\" data-settings=\"{&quot;background_background&quot;:&quot;classic&quot;}\">\n\t\t\t<div class=\"elementor-column-wrap elementor-element-populated\">\n\t\t\t\t\t\t\t<div class=\"elementor-widget-wrap\">\n\t\t\t\t\t\t<div class=\"elementor-element elementor-element-43fb4e6 elementor-widget__width-auto elementor-widget elementor-widget-heading\" data-id=\"43fb4e6\" data-element_type=\"widget\" data-widget_type=\"heading.default\">\n\t\t\t\t<div class=\"elementor-widget-container\">\n\t\t\t<h2 class=\"elementor-heading-title elementor-size-default\">Fachoberschule Gesundheit und Soziales<\/h2>\t\t<\/div>\n\t\t\t\t<\/div>\n\t\t\t\t\t\t<\/div>\n\t\t\t\t\t<\/div>\n\t\t<\/div>\n\t\t\t\t<div class=\"elementor-column elementor-col-50 elementor-top-column elementor-element elementor-element-e460e93\" data-id=\"e460e93\" data-element_type=\"column\" data-settings=\"{&quot;background_background&quot;:&quot;classic&quot;}\">\n\t\t\t<div class=\"elementor-column-wrap\">\n\t\t\t\t\t\t\t<div class=\"elementor-widget-wrap\">\n\t\t\t\t\t\t\t\t<\/div>\n\t\t\t\t\t<\/div>\n\t\t<\/div>\n\t\t\t\t\t\t\t\t<\/div>\n\t\t\t\t\t<\/div>\n\t\t<\/section>\n\t\t\t\t<section class=\"elementor-section elementor-top-section elementor-element elementor-element-ee223b9 elementor-section-boxed elementor-section-height-default elementor-section-height-default\" data-id=\"ee223b9\" data-element_type=\"section\">\n\t\t\t\t\t\t<div class=\"elementor-container elementor-column-gap-default\">\n\t\t\t\t\t\t\t<div class=\"elementor-row\">\n\t\t\t\t\t<div class=\"elementor-column elementor-col-100 elementor-top-column elementor-element elementor-element-a988f93\" data-id=\"a988f93\" data-element_type=\"column\" data-settings=\"{&quot;background_background&quot;:&quot;classic&quot;}\">\n\t\t\t<div class=\"elementor-column-wrap elementor-element-populated\">\n\t\t\t\t\t\t\t<div class=\"elementor-widget-wrap\">\n\t\t\t\t\t\t<div class=\"elementor-element elementor-element-6a6613a elementor-hidden-desktop elementor-hidden-tablet elementor-widget elementor-widget-text-editor\" data-id=\"6a6613a\" data-element_type=\"widget\" data-widget_type=\"text-editor.default\">\n\t\t\t\t<div class=\"elementor-widget-container\">\n\t\t\t\t\t\t\t\t<div class=\"elementor-text-editor elementor-clearfix\">\n\t\t\t\t<div>Allgemeine Informationen:<\/div><ul><li>Ein- oder zweij\u00e4hriger Unterricht<\/li><li>Ziel: Fachhochschulreife<\/li><\/ul><div>\u00a0<\/div><p><a href=\"https:\/\/www.bbz-merzig.de\/wordpress-1\/wp-content\/uploads\/JFB-Schule-FOS-2023.pdf\" target=\"_blank\" rel=\"noopener\">Flyer<\/a><\/p><p><a style=\"font-family: var( --e-global-typography-text-font-family ), Roboto; letter-spacing: 0px;\" href=\"https:\/\/www.bbz-merzig.de\/wordpress-1\/anmeldung\/online-anmeldung-2\/\">Online-Anmeldung<\/a><\/p><p><strong>Unterlagen &#8211; FOS-G11 (Praktikum)<\/strong><\/p><ul><li style=\"list-style-type: none;\"><ul><li><a href=\"https:\/\/www.bbz-merzig.de\/wordpress-1\/wp-content\/uploads\/Anleitung-FOS-G-1-1.pdf\">Anleitung<\/a><\/li><li><a href=\"https:\/\/www.bbz-merzig.de\/broschueren\/attest-s.pdf\">\u00c4rztliches Attest<\/a><\/li><li><a href=\"https:\/\/www.bbz-merzig.de\/wordpress-1\/wp-content\/uploads\/schulkalender-2025-2026-saarland-querformat.pdf\">Kalender 2025\/26<\/a><\/li><li><a href=\"https:\/\/www.bbz-merzig.de\/wordpress-1\/wp-content\/uploads\/schulkalender-2026-2027-saarland-querformat-1.pdf\">Kalender 2026\/27<\/a><\/li><li><a href=\"https:\/\/www.bbz-merzig.de\/broschueren\/s-fos-monatsbericht.doc\">Monatsbericht (Vorlage)<\/a><\/li><li><a href=\"https:\/\/www.bbz-merzig.de\/broschueren\/taetigkeitsnachweis.pdf\">T\u00e4tigkeitsnachweis<\/a><\/li><li><a href=\"https:\/\/www.bbz-merzig.de\/broschueren\/s-fos-themenuebersicht.doc\">Themen\u00fcbersicht (Vorlage)<\/a><\/li><li><a href=\"https:\/\/www.bbz-merzig.de\/wordpress-1\/wp-content\/uploads\/praktikantenvertrag-s.pdf\">Vertrag<\/a><\/li><li><a href=\"https:\/\/www.bbz-merzig.de\/broschueren\/fos-praktikantenzeugnis.pdf\">Zeugnis<\/a><\/li><\/ul><\/li><\/ul>\t\t\t\t\t<\/div>\n\t\t\t\t\t\t<\/div>\n\t\t\t\t<\/div>\n\t\t\t\t\t\t<\/div>\n\t\t\t\t\t<\/div>\n\t\t<\/div>\n\t\t\t\t\t\t\t\t<\/div>\n\t\t\t\t\t<\/div>\n\t\t<\/section>\n\t\t\t\t<section class=\"elementor-section elementor-top-section elementor-element elementor-element-495cc82 elementor-section-boxed elementor-section-height-default elementor-section-height-default\" data-id=\"495cc82\" data-element_type=\"section\">\n\t\t\t\t\t\t<div class=\"elementor-container elementor-column-gap-default\">\n\t\t\t\t\t\t\t<div class=\"elementor-row\">\n\t\t\t\t\t<div class=\"elementor-column elementor-col-100 elementor-top-column elementor-element elementor-element-1c8e636 elementor-hidden-desktop elementor-hidden-tablet\" data-id=\"1c8e636\" data-element_type=\"column\" data-settings=\"{&quot;background_background&quot;:&quot;classic&quot;}\">\n\t\t\t<div class=\"elementor-column-wrap elementor-element-populated\">\n\t\t\t\t\t\t\t<div class=\"elementor-widget-wrap\">\n\t\t\t\t\t\t<div class=\"elementor-element elementor-element-95e3480 elementor-widget__width-auto elementor-hidden-desktop elementor-hidden-tablet elementor-widget elementor-widget-heading\" data-id=\"95e3480\" data-element_type=\"widget\" data-widget_type=\"heading.default\">\n\t\t\t\t<div class=\"elementor-widget-container\">\n\t\t\t<h2 class=\"elementor-heading-title elementor-size-default\">Berufsfachschule f\u00fcr Kinderpflege (KI)\u200b<\/h2>\t\t<\/div>\n\t\t\t\t<\/div>\n\t\t\t\t\t\t<\/div>\n\t\t\t\t\t<\/div>\n\t\t<\/div>\n\t\t\t\t\t\t\t\t<\/div>\n\t\t\t\t\t<\/div>\n\t\t<\/section>\n\t\t\t\t<section class=\"elementor-section elementor-top-section elementor-element elementor-element-65d8c4e elementor-section-boxed elementor-section-height-default elementor-section-height-default\" data-id=\"65d8c4e\" data-element_type=\"section\">\n\t\t\t\t\t\t<div class=\"elementor-container elementor-column-gap-default\">\n\t\t\t\t\t\t\t<div class=\"elementor-row\">\n\t\t\t\t\t<div class=\"elementor-column elementor-col-100 elementor-top-column elementor-element elementor-element-e46c17e\" data-id=\"e46c17e\" data-element_type=\"column\" data-settings=\"{&quot;background_background&quot;:&quot;classic&quot;}\">\n\t\t\t<div class=\"elementor-column-wrap elementor-element-populated\">\n\t\t\t\t\t\t\t<div class=\"elementor-widget-wrap\">\n\t\t\t\t\t\t<div class=\"elementor-element elementor-element-805fd25 elementor-hidden-desktop elementor-hidden-tablet elementor-widget elementor-widget-text-editor\" data-id=\"805fd25\" data-element_type=\"widget\" data-widget_type=\"text-editor.default\">\n\t\t\t\t<div class=\"elementor-widget-container\">\n\t\t\t\t\t\t\t\t<div class=\"elementor-text-editor elementor-clearfix\">\n\t\t\t\t<ul><li><p><strong>Dreij\u00e4hrige Ausbildung<\/strong><\/p><ul><li>Zweij\u00e4hrige schulische Ausbildung (Fachtheorie)<\/li><li>einj\u00e4hriges Berufspraktikum im Anschluss an die schulische Ausbildung<\/li><li>Ziel: staatlich anerkannte\/r Kinderpfleger\/in<\/li><li>Erwerb der Berechtigungen des Mittleren Bildungsabschlusses m\u00f6glich<\/li><li>F\u00f6rderung: Die Ausbildung ist \u00fcber einen Bildungsgutschein der Agentur f\u00fcr Arbeit f\u00f6rderf\u00e4hig<\/li><\/ul><p><a href=\"https:\/\/www.bbz-merzig.de\/wordpress-1\/anmeldung\/online-anmeldung-2\/\">Online-Anmeldung<\/a><\/p><\/li><\/ul>\t\t\t\t\t<\/div>\n\t\t\t\t\t\t<\/div>\n\t\t\t\t<\/div>\n\t\t\t\t\t\t<\/div>\n\t\t\t\t\t<\/div>\n\t\t<\/div>\n\t\t\t\t\t\t\t\t<\/div>\n\t\t\t\t\t<\/div>\n\t\t<\/section>\n\t\t\t\t<section class=\"elementor-section elementor-top-section elementor-element elementor-element-22534f73 elementor-hidden-phone elementor-section-boxed elementor-section-height-default elementor-section-height-default\" data-id=\"22534f73\" data-element_type=\"section\">\n\t\t\t\t\t\t<div class=\"elementor-container elementor-column-gap-default\">\n\t\t\t\t\t\t\t<div class=\"elementor-row\">\n\t\t\t\t\t<div class=\"elementor-column elementor-col-20 elementor-top-column elementor-element elementor-element-8342697\" data-id=\"8342697\" data-element_type=\"column\" data-settings=\"{&quot;background_background&quot;:&quot;classic&quot;}\">\n\t\t\t<div class=\"elementor-column-wrap elementor-element-populated\">\n\t\t\t\t\t\t\t<div class=\"elementor-widget-wrap\">\n\t\t\t\t\t\t<div class=\"elementor-element elementor-element-0d75bf4 elementor-widget elementor-widget-menu-anchor\" data-id=\"0d75bf4\" data-element_type=\"widget\" data-widget_type=\"menu-anchor.default\">\n\t\t\t\t<div class=\"elementor-widget-container\">\n\t\t\t\t\t<div id=\"EA\" class=\"elementor-menu-anchor\"><\/div>\n\t\t\t\t<\/div>\n\t\t\t\t<\/div>\n\t\t\t\t<div class=\"elementor-element elementor-element-776087d1 elementor-widget__width-auto elementor-widget elementor-widget-heading\" data-id=\"776087d1\" data-element_type=\"widget\" data-widget_type=\"heading.default\">\n\t\t\t\t<div class=\"elementor-widget-container\">\n\t\t\t<h2 class=\"elementor-heading-title elementor-size-default\">Akademie f\u00fcr Erzieherinnen und Erzieher\/Fachschule f\u00fcr Sozialp\u00e4dagogik<\/h2>\t\t<\/div>\n\t\t\t\t<\/div>\n\t\t\t\t\t\t<\/div>\n\t\t\t\t\t<\/div>\n\t\t<\/div>\n\t\t\t\t<div class=\"elementor-column elementor-col-20 elementor-top-column elementor-element elementor-element-66047053\" data-id=\"66047053\" data-element_type=\"column\">\n\t\t\t<div class=\"elementor-column-wrap\">\n\t\t\t\t\t\t\t<div class=\"elementor-widget-wrap\">\n\t\t\t\t\t\t\t\t<\/div>\n\t\t\t\t\t<\/div>\n\t\t<\/div>\n\t\t\t\t<div class=\"elementor-column elementor-col-20 elementor-top-column elementor-element elementor-element-2245792d\" data-id=\"2245792d\" data-element_type=\"column\" data-settings=\"{&quot;background_background&quot;:&quot;classic&quot;}\">\n\t\t\t<div class=\"elementor-column-wrap elementor-element-populated\">\n\t\t\t\t\t\t\t<div class=\"elementor-widget-wrap\">\n\t\t\t\t\t\t<div class=\"elementor-element elementor-element-8663bab elementor-widget elementor-widget-menu-anchor\" data-id=\"8663bab\" data-element_type=\"widget\" data-widget_type=\"menu-anchor.default\">\n\t\t\t\t<div class=\"elementor-widget-container\">\n\t\t\t\t\t<div id=\"FOS\" class=\"elementor-menu-anchor\"><\/div>\n\t\t\t\t<\/div>\n\t\t\t\t<\/div>\n\t\t\t\t<div class=\"elementor-element elementor-element-03efa8a elementor-widget__width-auto elementor-widget elementor-widget-heading\" data-id=\"03efa8a\" data-element_type=\"widget\" data-widget_type=\"heading.default\">\n\t\t\t\t<div class=\"elementor-widget-container\">\n\t\t\t<h2 class=\"elementor-heading-title elementor-size-default\">Fachoberschule Gesundheit und Soziales<\/h2>\t\t<\/div>\n\t\t\t\t<\/div>\n\t\t\t\t\t\t<\/div>\n\t\t\t\t\t<\/div>\n\t\t<\/div>\n\t\t\t\t<div class=\"elementor-column elementor-col-20 elementor-top-column elementor-element elementor-element-515f410\" data-id=\"515f410\" data-element_type=\"column\">\n\t\t\t<div class=\"elementor-column-wrap\">\n\t\t\t\t\t\t\t<div class=\"elementor-widget-wrap\">\n\t\t\t\t\t\t\t\t<\/div>\n\t\t\t\t\t<\/div>\n\t\t<\/div>\n\t\t\t\t<div class=\"elementor-column elementor-col-20 elementor-top-column elementor-element elementor-element-6655ae8\" data-id=\"6655ae8\" data-element_type=\"column\" data-settings=\"{&quot;background_background&quot;:&quot;classic&quot;}\">\n\t\t\t<div class=\"elementor-column-wrap elementor-element-populated\">\n\t\t\t\t\t\t\t<div class=\"elementor-widget-wrap\">\n\t\t\t\t\t\t<div class=\"elementor-element elementor-element-9a5002f elementor-widget__width-auto elementor-widget elementor-widget-heading\" data-id=\"9a5002f\" data-element_type=\"widget\" data-widget_type=\"heading.default\">\n\t\t\t\t<div class=\"elementor-widget-container\">\n\t\t\t<h2 class=\"elementor-heading-title elementor-size-default\">Berufsfachschule f\u00fcr Kinderpflege (KI)<\/h2>\t\t<\/div>\n\t\t\t\t<\/div>\n\t\t\t\t\t\t<\/div>\n\t\t\t\t\t<\/div>\n\t\t<\/div>\n\t\t\t\t\t\t\t\t<\/div>\n\t\t\t\t\t<\/div>\n\t\t<\/section>\n\t\t\t\t<section class=\"elementor-section elementor-top-section elementor-element elementor-element-48b6b989 elementor-hidden-phone elementor-section-boxed elementor-section-height-default elementor-section-height-default\" data-id=\"48b6b989\" data-element_type=\"section\">\n\t\t\t\t\t\t<div class=\"elementor-container elementor-column-gap-default\">\n\t\t\t\t\t\t\t<div class=\"elementor-row\">\n\t\t\t\t\t<div class=\"elementor-column elementor-col-20 elementor-top-column elementor-element elementor-element-f60becb\" data-id=\"f60becb\" data-element_type=\"column\" data-settings=\"{&quot;background_background&quot;:&quot;classic&quot;}\">\n\t\t\t<div class=\"elementor-column-wrap elementor-element-populated\">\n\t\t\t\t\t\t\t<div class=\"elementor-widget-wrap\">\n\t\t\t\t\t\t<div class=\"elementor-element elementor-element-c6e3072 elementor-widget elementor-widget-text-editor\" data-id=\"c6e3072\" data-element_type=\"widget\" data-widget_type=\"text-editor.default\">\n\t\t\t\t<div class=\"elementor-widget-container\">\n\t\t\t\t\t\t\t\t<div class=\"elementor-text-editor elementor-clearfix\">\n\t\t\t\t<div class=\"et_pb_text_inner\"><ul><li><p>Zweij\u00e4hrige fachtheoretische Ausbildung (Schule) und eine einj\u00e4hrige fachpraktische Ausbildung (Anerkennungsjahr)<\/p><\/li><li><p>Berufsabschluss: Staatlich anerkannte\/r Erzieher\/in \/ Bachelor Professional in Sozialwesen<\/p><\/li><li>F\u00f6rderung: Die Ausbildung ist \u00fcber einen Bildungsgutschein der Agentur f\u00fcr Arbeit f\u00f6rderf\u00e4hig (Informationen \u00fcber <a href=\"mailto:azav@boch.schule\">azav@boch.schule<\/a>)<\/li><\/ul><div>\u00a0<\/div><p><a href=\"https:\/\/www.bbz-merzig.de\/wordpress-1\/wp-content\/uploads\/JFB-Schule-Erzieherakademie-2023.pdf\" target=\"_blank\" rel=\"noopener\">Flyer<\/a><\/p><p><a style=\"font-family: var( --e-global-typography-text-font-family ), Roboto; letter-spacing: 0px;\" href=\"https:\/\/www.bbz-merzig.de\/wordpress-1\/anmeldung\/online-anmeldung-2\/\">Online-Anmeldung<\/a><\/p><\/div><p><strong>Unterlagen Erzieher-Akademie<\/strong><\/p><ul><li><a href=\"https:\/\/www.bbz-merzig.de\/wordpress-1\/wp-content\/uploads\/Aerztliche-Bescheinigung.pdf\">\u00c4rztliche Bescheinigung<\/a><\/li><li><a href=\"https:\/\/www.bbz-merzig.de\/wordpress-1\/wp-content\/uploads\/Checkliste-Anmeldung-Unterstufe-1.pdf\">Checkliste Anmeldung f\u00fcr die Unterstufe<\/a><\/li><li><a href=\"https:\/\/www.bbz-merzig.de\/wordpress-1\/wp-content\/uploads\/Zugangsvoraussetzungen-fuer-die-Unterstufe.pdf\">Zugangsvoraussetzungen f\u00fcr den Eintritt in die Unterstufe<\/a><\/li><li><a href=\"https:\/\/www.bbz-merzig.de\/wordpress-1\/wp-content\/uploads\/Bescheinigung-und-Beurteilung-des-sechswoechigen-Praktikums-1.pdf\">Bescheinigung der Eignung f\u00fcr den Beruf durch ein mindestens sechsw\u00f6chiges Praktikum<\/a> (nur in Verbindung mit einer Hochschulreife oder eines Berufsschulabschlusses incl. MBA)<\/li><li><p><a href=\"https:\/\/www.bbz-merzig.de\/wordpress-1\/wp-content\/uploads\/Praktikumsvereinbarung_FSP-blanko.pdf\">Vereinbarung sozialp\u00e4dagogisches Praktikum<\/a><\/p><\/li><li><p><a href=\"https:\/\/www.bbz-merzig.de\/wordpress-1\/wp-content\/uploads\/Praktikumsvereinbarung-Berufspraktikum.pdf\">Vereinbarung berufspraktische Ausbildung (Anerkennungsjahr)<\/a><\/p><\/li><\/ul><p>Bewerbungsfrist: bis zum 1. M\u00e4rz des jeweiligen Jahres. Bei Bewerbungen nach der Frist besteht noch die Aussicht auf einen Nachr\u00fcckerplatz.<\/p>\t\t\t\t\t<\/div>\n\t\t\t\t\t\t<\/div>\n\t\t\t\t<\/div>\n\t\t\t\t\t\t<\/div>\n\t\t\t\t\t<\/div>\n\t\t<\/div>\n\t\t\t\t<div class=\"elementor-column elementor-col-20 elementor-top-column elementor-element elementor-element-1df49202\" data-id=\"1df49202\" data-element_type=\"column\">\n\t\t\t<div class=\"elementor-column-wrap\">\n\t\t\t\t\t\t\t<div class=\"elementor-widget-wrap\">\n\t\t\t\t\t\t\t\t<\/div>\n\t\t\t\t\t<\/div>\n\t\t<\/div>\n\t\t\t\t<div class=\"elementor-column elementor-col-20 elementor-top-column elementor-element elementor-element-6e57e1e2\" data-id=\"6e57e1e2\" data-element_type=\"column\" data-settings=\"{&quot;background_background&quot;:&quot;classic&quot;}\">\n\t\t\t<div class=\"elementor-column-wrap elementor-element-populated\">\n\t\t\t\t\t\t\t<div class=\"elementor-widget-wrap\">\n\t\t\t\t\t\t<div class=\"elementor-element elementor-element-405a24f elementor-widget elementor-widget-text-editor\" data-id=\"405a24f\" data-element_type=\"widget\" data-widget_type=\"text-editor.default\">\n\t\t\t\t<div class=\"elementor-widget-container\">\n\t\t\t\t\t\t\t\t<div class=\"elementor-text-editor elementor-clearfix\">\n\t\t\t\t<div>Allgemeine Informationen:<\/div><ul><li>Ein- oder zweij\u00e4hriger Unterricht<\/li><li>Ziel: Fachhochschulreife<\/li><\/ul><div>\u00a0<\/div><p><a href=\"https:\/\/www.bbz-merzig.de\/wordpress-1\/wp-content\/uploads\/JFB-Schule-FOS-2023.pdf\" target=\"_blank\" rel=\"noopener\">Flyer<\/a><\/p><p><a style=\"font-family: var( --e-global-typography-text-font-family ), Roboto; letter-spacing: 0px;\" href=\"https:\/\/www.bbz-merzig.de\/wordpress-1\/anmeldung\/online-anmeldung-2\/\">Online-Anmeldung<\/a><\/p><p><strong>Unterlagen &#8211; FOS-G11 (Praktikum)<\/strong><\/p><ul><li style=\"list-style-type: none;\"><ul><li><a href=\"https:\/\/www.bbz-merzig.de\/wordpress-1\/wp-content\/uploads\/Anleitung-FOS-G-1-1.pdf\">Anleitung<\/a><\/li><li><a href=\"https:\/\/www.bbz-merzig.de\/broschueren\/attest-s.pdf\">\u00c4rztliches Attest<\/a><\/li><li><a href=\"https:\/\/www.bbz-merzig.de\/wordpress-1\/wp-content\/uploads\/schulkalender-2025-2026-saarland-querformat.pdf\">Kalender 2025\/26<\/a><\/li><li><a href=\"https:\/\/www.bbz-merzig.de\/wordpress-1\/wp-content\/uploads\/schulkalender-2026-2027-saarland-querformat-1.pdf\">Kalender 2026\/27<\/a><\/li><li><a href=\"https:\/\/www.bbz-merzig.de\/broschueren\/s-fos-monatsbericht.doc\">Monatsbericht (Vorlage)<\/a><\/li><li><a href=\"https:\/\/www.bbz-merzig.de\/broschueren\/taetigkeitsnachweis.pdf\">T\u00e4tigkeitsnachweis<\/a><\/li><li><a href=\"https:\/\/www.bbz-merzig.de\/broschueren\/s-fos-themenuebersicht.doc\">Themen\u00fcbersicht (Vorlage)<\/a><\/li><li><a href=\"https:\/\/www.bbz-merzig.de\/wordpress-1\/wp-content\/uploads\/praktikantenvertrag-s.pdf\">Vertrag<\/a><\/li><li><a href=\"https:\/\/www.bbz-merzig.de\/broschueren\/fos-praktikantenzeugnis.pdf\">Zeugnis<\/a><\/li><\/ul><\/li><\/ul>\t\t\t\t\t<\/div>\n\t\t\t\t\t\t<\/div>\n\t\t\t\t<\/div>\n\t\t\t\t\t\t<\/div>\n\t\t\t\t\t<\/div>\n\t\t<\/div>\n\t\t\t\t<div class=\"elementor-column elementor-col-20 elementor-top-column elementor-element elementor-element-a3b9077\" data-id=\"a3b9077\" data-element_type=\"column\">\n\t\t\t<div class=\"elementor-column-wrap\">\n\t\t\t\t\t\t\t<div class=\"elementor-widget-wrap\">\n\t\t\t\t\t\t\t\t<\/div>\n\t\t\t\t\t<\/div>\n\t\t<\/div>\n\t\t\t\t<div class=\"elementor-column elementor-col-20 elementor-top-column elementor-element elementor-element-ab2b351\" data-id=\"ab2b351\" data-element_type=\"column\" data-settings=\"{&quot;background_background&quot;:&quot;classic&quot;}\">\n\t\t\t<div class=\"elementor-column-wrap elementor-element-populated\">\n\t\t\t\t\t\t\t<div class=\"elementor-widget-wrap\">\n\t\t\t\t\t\t<div class=\"elementor-element elementor-element-b2696c4 elementor-widget elementor-widget-text-editor\" data-id=\"b2696c4\" data-element_type=\"widget\" data-widget_type=\"text-editor.default\">\n\t\t\t\t<div class=\"elementor-widget-container\">\n\t\t\t\t\t\t\t\t<div class=\"elementor-text-editor elementor-clearfix\">\n\t\t\t\t<p><strong>Dreij\u00e4hrige Ausbildung<\/strong><\/p><ul><li>Zweij\u00e4hrige schulische Ausbildung (Fachtheorie)<\/li><li>einj\u00e4hriges Berufspraktikum im Anschluss an die schulische Ausbildung<\/li><li>Ziel: staatlich anerkannte\/r Kinderpfleger\/in<\/li><li>Erwerb der Berechtigungen des Mittleren Bildungsabschlusses m\u00f6glich<\/li><li>F\u00f6rderung: Die Ausbildung ist \u00fcber einen Bildungsgutschein der Agentur f\u00fcr Arbeit f\u00f6rderf\u00e4hig<\/li><\/ul><p>\u00a0<\/p><p><a href=\"https:\/\/www.bbz-merzig.de\/wordpress-1\/anmeldung\/online-anmeldung-2\/\">Online-Anmeldung<\/a><\/p>\t\t\t\t\t<\/div>\n\t\t\t\t\t\t<\/div>\n\t\t\t\t<\/div>\n\t\t\t\t\t\t<\/div>\n\t\t\t\t\t<\/div>\n\t\t<\/div>\n\t\t\t\t\t\t\t\t<\/div>\n\t\t\t\t\t<\/div>\n\t\t<\/section>\n\t\t\t\t\t\t\t\t\t<\/div>\n\t\t\t<\/div>\n\t\t\t\t\t<\/div>\n\t\t","protected":false},"excerpt":{"rendered":"<p>Fachbereich Gesundheit und Soziales Berufliche Bildung ist an der Jean-Fran\u03c2ois-Boch Schule in Merzig im Fachbereich Gesundheit und Soziales in folgenden Schulformen, m\u00f6glich: Ausbildungsvorbereitung Berufsfachschule Gesundheit und Soziales Berufsfachschule f\u00fcr Haushaltsf\u00fchrung und ambulante Betreuung Berufsfachschule f\u00fcr Haushaltsf\u00fchrung und ambulante Betreuung (migrationsorientierte Ausbildung) Berufsschule Gesundheit und Soziales\u200b Akademie f\u00fcr Erzieherinnen und Erzieher\/ Fachschule f\u00fcr Sozialp\u00e4dagogik &#8211; Berufliche&hellip;&nbsp;<a href=\"https:\/\/www.bbz-merzig.de\/wordpress-1\/bildungsangebote\/fachbereich-gesundheit-und-soziales\/\" class=\"\" rel=\"bookmark\">Weiterlesen &raquo;<span class=\"screen-reader-text\">Fachbereich Gesundheit und Soziales<\/span><\/a><\/p>\n","protected":false},"author":1,"featured_media":0,"parent":4280,"menu_order":0,"comment_status":"closed","ping_status":"closed","template":"","meta":{"neve_meta_sidebar":"full-width","neve_meta_container":"default","neve_meta_enable_content_width":"on","neve_meta_content_width":100,"neve_meta_title_alignment":"","neve_meta_author_avatar":"","neve_post_elements_order":"","neve_meta_disable_header":"","neve_meta_disable_footer":"","neve_meta_disable_title":"on"},"_links":{"self":[{"href":"https:\/\/www.bbz-merzig.de\/wordpress-1\/wp-json\/wp\/v2\/pages\/2663"}],"collection":[{"href":"https:\/\/www.bbz-merzig.de\/wordpress-1\/wp-json\/wp\/v2\/pages"}],"about":[{"href":"https:\/\/www.bbz-merzig.de\/wordpress-1\/wp-json\/wp\/v2\/types\/page"}],"author":[{"embeddable":true,"href":"https:\/\/www.bbz-merzig.de\/wordpress-1\/wp-json\/wp\/v2\/users\/1"}],"replies":[{"embeddable":true,"href":"https:\/\/www.bbz-merzig.de\/wordpress-1\/wp-json\/wp\/v2\/comments?post=2663"}],"version-history":[{"count":790,"href":"https:\/\/www.bbz-merzig.de\/wordpress-1\/wp-json\/wp\/v2\/pages\/2663\/revisions"}],"predecessor-version":[{"id":14151,"href":"https:\/\/www.bbz-merzig.de\/wordpress-1\/wp-json\/wp\/v2\/pages\/2663\/revisions\/14151"}],"up":[{"embeddable":true,"href":"https:\/\/www.bbz-merzig.de\/wordpress-1\/wp-json\/wp\/v2\/pages\/4280"}],"wp:attachment":[{"href":"https:\/\/www.bbz-merzig.de\/wordpress-1\/wp-json\/wp\/v2\/media?parent=2663"}],"curies":[{"name":"wp","href":"https:\/\/api.w.org\/{rel}","templated":true}]}}